{"id":1424,"date":"2023-02-07T20:39:07","date_gmt":"2023-02-07T20:39:07","guid":{"rendered":"https:\/\/politecnicomisiones.edu.ar\/paginainstitucional?page_id=1424"},"modified":"2024-12-05T00:42:55","modified_gmt":"2024-12-05T00:42:55","slug":"tecnico-superior-en-acompanamiento-terapeutico","status":"publish","type":"page","link":"https:\/\/politecnicomisiones.edu.ar\/paginainstitucional\/tecnico-superior-en-acompanamiento-terapeutico\/","title":{"rendered":"T\u00e9cnico Superior en Acompa\u00f1amiento Terap\u00e9utico"},"content":{"rendered":"\t\t<div data-elementor-type=\"wp-page\" data-elementor-id=\"1424\" class=\"elementor elementor-1424\">\n\t\t\t\t\t\t<section class=\"elementor-section elementor-top-section elementor-element elementor-element-f885f82 elementor-section-boxed elementor-section-height-default elementor-section-height-default wpr-particle-no wpr-jarallax-no wpr-parallax-no wpr-sticky-section-no\" data-id=\"f885f82\" data-element_type=\"section\">\n\t\t\t\t\t\t<div class=\"elementor-container elementor-column-gap-default\">\n\t\t\t\t\t<div class=\"elementor-column elementor-col-100 elementor-top-column elementor-element elementor-element-fedfd18\" data-id=\"fedfd18\" data-element_type=\"column\">\n\t\t\t<div class=\"elementor-widget-wrap elementor-element-populated\">\n\t\t\t\t\t\t<div class=\"elementor-element elementor-element-cd639b6 elementor-widget__width-initial elementor-widget elementor-widget-heading\" data-id=\"cd639b6\" data-element_type=\"widget\" data-widget_type=\"heading.default\">\n\t\t\t\t<div class=\"elementor-widget-container\">\n\t\t\t\t\t<h2 class=\"elementor-heading-title elementor-size-default\">T\u00e9cnico Superior en Acompa\u00f1amiento Terap\u00e9utico<\/h2>\t\t\t\t<\/div>\n\t\t\t\t<\/div>\n\t\t\t\t\t<\/div>\n\t\t<\/div>\n\t\t\t\t\t<\/div>\n\t\t<\/section>\n\t\t\t\t<section class=\"elementor-section elementor-top-section elementor-element elementor-element-8ca22f0 elementor-section-height-min-height elementor-section-boxed elementor-section-height-default elementor-section-items-middle wpr-particle-no wpr-jarallax-no wpr-parallax-no\" data-id=\"8ca22f0\" data-element_type=\"section\" data-settings=\"{&quot;background_background&quot;:&quot;classic&quot;,&quot;shape_divider_bottom&quot;:&quot;waves&quot;}\">\n\t\t\t\t\t<div class=\"elementor-shape elementor-shape-bottom\" aria-hidden=\"true\" data-negative=\"false\">\n\t\t\t<svg xmlns=\"http:\/\/www.w3.org\/2000\/svg\" viewBox=\"0 0 1000 100\" preserveAspectRatio=\"none\">\n\t<path class=\"elementor-shape-fill\" d=\"M421.9,6.5c22.6-2.5,51.5,0.4,75.5,5.3c23.6,4.9,70.9,23.5,100.5,35.7c75.8,32.2,133.7,44.5,192.6,49.7\n\tc23.6,2.1,48.7,3.5,103.4-2.5c54.7-6,106.2-25.6,106.2-25.6V0H0v30.3c0,0,72,32.6,158.4,30.5c39.2-0.7,92.8-6.7,134-22.4\n\tc21.2-8.1,52.2-18.2,79.7-24.2C399.3,7.9,411.6,7.5,421.9,6.5z\"\/>\n<\/svg>\t\t<\/div>\n\t\t\t\t\t<div class=\"elementor-container elementor-column-gap-default\">\n\t\t\t\t\t<header class=\"elementor-column elementor-col-100 elementor-top-column elementor-element elementor-element-0e86f08\" data-id=\"0e86f08\" data-element_type=\"column\">\n\t\t\t<div class=\"elementor-widget-wrap elementor-element-populated\">\n\t\t\t\t\t\t<div class=\"elementor-element elementor-element-52985a1 elementor-widget elementor-widget-image\" data-id=\"52985a1\" data-element_type=\"widget\" data-widget_type=\"image.default\">\n\t\t\t\t<div class=\"elementor-widget-container\">\n\t\t\t\t\t\t\t\t\t\t\t\t\t\t\t<img fetchpriority=\"high\" decoding=\"async\" width=\"1820\" height=\"960\" src=\"https:\/\/politecnicomisiones.edu.ar\/paginainstitucional\/wp-content\/uploads\/2023\/06\/Acompanante-terapeutico.jpg\" class=\"attachment-full size-full wp-image-1542\" alt=\"\" srcset=\"https:\/\/politecnicomisiones.edu.ar\/paginainstitucional\/wp-content\/uploads\/2023\/06\/Acompanante-terapeutico.jpg 1820w, https:\/\/politecnicomisiones.edu.ar\/paginainstitucional\/wp-content\/uploads\/2023\/06\/Acompanante-terapeutico-300x158.jpg 300w, https:\/\/politecnicomisiones.edu.ar\/paginainstitucional\/wp-content\/uploads\/2023\/06\/Acompanante-terapeutico-1024x540.jpg 1024w, https:\/\/politecnicomisiones.edu.ar\/paginainstitucional\/wp-content\/uploads\/2023\/06\/Acompanante-terapeutico-768x405.jpg 768w, https:\/\/politecnicomisiones.edu.ar\/paginainstitucional\/wp-content\/uploads\/2023\/06\/Acompanante-terapeutico-1536x810.jpg 1536w\" sizes=\"(max-width: 1820px) 100vw, 1820px\" \/>\t\t\t\t\t\t\t\t\t\t\t\t\t\t\t<\/div>\n\t\t\t\t<\/div>\n\t\t\t\t\t<\/div>\n\t\t<\/header>\n\t\t\t\t\t<\/div>\n\t\t<\/section>\n\t\t\t\t<section class=\"elementor-section elementor-top-section elementor-element elementor-element-eb69c43 elementor-section-boxed elementor-section-height-default elementor-section-height-default wpr-particle-no wpr-jarallax-no wpr-parallax-no wpr-sticky-section-no\" data-id=\"eb69c43\" data-element_type=\"section\">\n\t\t\t\t\t\t<div class=\"elementor-container elementor-column-gap-default\">\n\t\t\t\t\t<div class=\"elementor-column elementor-col-100 elementor-top-column elementor-element elementor-element-b38fdef\" data-id=\"b38fdef\" data-element_type=\"column\">\n\t\t\t<div class=\"elementor-widget-wrap elementor-element-populated\">\n\t\t\t\t\t\t<div class=\"elementor-element elementor-element-e328189 elementor-widget elementor-widget-text-editor\" data-id=\"e328189\" data-element_type=\"widget\" data-widget_type=\"text-editor.default\">\n\t\t\t\t<div class=\"elementor-widget-container\">\n\t\t\t\t\t\t\t\t\t<p>Un acompa\u00f1ante terap\u00e9utico es un profesional de la salud que brinda contenci\u00f3n y asistencia a personas que requieren atenci\u00f3n especializada. Trabaja en conjunto con un equipo interdisciplinario o profesional tratante, para colaborar con la rehabilitaci\u00f3n de individuos con alg\u00fan&nbsp;<span class=\"WdYUQQ text-decoration-none text-strikethrough-none\" style=\"color: rgb(31, 31, 30);\">padecimiento<\/span>, fomentando el bienestar bio-psico-social.<\/p>\t\t\t\t\t\t\t\t<\/div>\n\t\t\t\t<\/div>\n\t\t\t\t<div class=\"elementor-element elementor-element-e27b0a8 elementor-list-item-link-full_width elementor-widget elementor-widget-icon-list\" data-id=\"e27b0a8\" data-element_type=\"widget\" data-widget_type=\"icon-list.default\">\n\t\t\t\t<div class=\"elementor-widget-container\">\n\t\t\t\t\t\t\t<ul class=\"elementor-icon-list-items\">\n\t\t\t\t\t\t\t<li class=\"elementor-icon-list-item\">\n\t\t\t\t\t\t\t\t\t\t\t<span class=\"elementor-icon-list-icon\">\n\t\t\t\t\t\t\t<i aria-hidden=\"true\" class=\"fas fa-angle-right\"><\/i>\t\t\t\t\t\t<\/span>\n\t\t\t\t\t\t\t\t\t\t<span class=\"elementor-icon-list-text\">Opera como potenciador y facilitador en la rehabilitaci\u00f3n, la prevenci\u00f3n de posibles reca\u00eddas, la identificaci\u00f3n y anticipaci\u00f3n de situaciones de riesgo, y en la vinculaci\u00f3n social de las personas con padecimientos mentales. <\/span>\n\t\t\t\t\t\t\t\t\t<\/li>\n\t\t\t\t\t\t\t\t<li class=\"elementor-icon-list-item\">\n\t\t\t\t\t\t\t\t\t\t\t<span class=\"elementor-icon-list-icon\">\n\t\t\t\t\t\t\t<i aria-hidden=\"true\" class=\"fas fa-angle-right\"><\/i>\t\t\t\t\t\t<\/span>\n\t\t\t\t\t\t\t\t\t\t<span class=\"elementor-icon-list-text\">Interviene en un trabajo interdisciplinario, que propicia diversos modelos de abordaje, tendientes a promover los enfoques ambulatorios en problem\u00e1ticas psicopatol\u00f3gicas, y ante situaciones de crisis y emergencia cl\u00ednica.<\/span>\n\t\t\t\t\t\t\t\t\t<\/li>\n\t\t\t\t\t\t\t\t<li class=\"elementor-icon-list-item\">\n\t\t\t\t\t\t\t\t\t\t\t<span class=\"elementor-icon-list-icon\">\n\t\t\t\t\t\t\t<i aria-hidden=\"true\" class=\"fas fa-angle-right\"><\/i>\t\t\t\t\t\t<\/span>\n\t\t\t\t\t\t\t\t\t\t<span class=\"elementor-icon-list-text\">Participa en la implementaci\u00f3n de estrategias de contenci\u00f3n emocional de la persona con padecimiento mental y su familia, en los \u00e1mbitos institucionales y\/o habituales de convivencia, en los cuidados cotidianos y actividades de la vida diaria.<\/span>\n\t\t\t\t\t\t\t\t\t<\/li>\n\t\t\t\t\t\t\t\t<li class=\"elementor-icon-list-item\">\n\t\t\t\t\t\t\t\t\t\t\t<span class=\"elementor-icon-list-icon\">\n\t\t\t\t\t\t\t<i aria-hidden=\"true\" class=\"fas fa-angle-right\"><\/i>\t\t\t\t\t\t<\/span>\n\t\t\t\t\t\t\t\t\t\t<span class=\"elementor-icon-list-text\">Aporta su intervenci\u00f3n en estrategias terap\u00e9uticas, tendientes a favorecer el arraigo en su hogar o instituci\u00f3n y preservar sus actividades laborales, educativas y recreativas usuales, asimismo incentivar la generaci\u00f3n de las mismas cuando no est\u00e1n desarrolladas en la persona, respetando sus posibilidades, aptitudes y deseos.<\/span>\n\t\t\t\t\t\t\t\t\t<\/li>\n\t\t\t\t\t\t\t\t<li class=\"elementor-icon-list-item\">\n\t\t\t\t\t\t\t\t\t\t\t<span class=\"elementor-icon-list-icon\">\n\t\t\t\t\t\t\t<i aria-hidden=\"true\" class=\"fas fa-angle-right\"><\/i>\t\t\t\t\t\t<\/span>\n\t\t\t\t\t\t\t\t\t\t<span class=\"elementor-icon-list-text\">Promueve actividades orientadas a la recuperaci\u00f3n de la identidad, el auto valimiento, la organizaci\u00f3n del tiempo y la integraci\u00f3n social, formando parte de las estrategias terap\u00e9uticas interdisciplinarias desde su actividad espec\u00edfica, para colaborar en el dise\u00f1o de acciones y programas.<\/span>\n\t\t\t\t\t\t\t\t\t<\/li>\n\t\t\t\t\t\t\t\t<li class=\"elementor-icon-list-item\">\n\t\t\t\t\t\t\t\t\t\t\t<span class=\"elementor-icon-list-icon\">\n\t\t\t\t\t\t\t<i aria-hidden=\"true\" class=\"fas fa-angle-right\"><\/i>\t\t\t\t\t\t<\/span>\n\t\t\t\t\t\t\t\t\t\t<span class=\"elementor-icon-list-text\">Act\u00faa interdisciplinariamente con profesionales de diferente nivel de calificaci\u00f3n, eventualmente involucrados en su actividad, lo que le posibilita compartir la problem\u00e1tica espec\u00edfica con el resto del equipo de salud, con una actitud \u00e9tica, responsable y comprometida.<\/span>\n\t\t\t\t\t\t\t\t\t<\/li>\n\t\t\t\t\t\t\t\t<li class=\"elementor-icon-list-item\">\n\t\t\t\t\t\t\t\t\t\t\t<span class=\"elementor-icon-list-icon\">\n\t\t\t\t\t\t\t<i aria-hidden=\"true\" class=\"fas fa-angle-right\"><\/i>\t\t\t\t\t\t<\/span>\n\t\t\t\t\t\t\t\t\t\t<span class=\"elementor-icon-list-text\">Reconoce las posibilidades transformadoras de su pr\u00e1ctica, en el marco de los principios \u00e9ticos y legales que rigen su rol como Acompa\u00f1ante Terap\u00e9utico, analizando los condicionamientos hist\u00f3ricos, sociales y pol\u00edticos que caracterizan la realidad del sistema de salud, en el marco de los fundamentos sociales y cient\u00edficos de su profesi\u00f3n.<\/span>\n\t\t\t\t\t\t\t\t\t<\/li>\n\t\t\t\t\t\t<\/ul>\n\t\t\t\t\t\t<\/div>\n\t\t\t\t<\/div>\n\t\t\t\t\t<\/div>\n\t\t<\/div>\n\t\t\t\t\t<\/div>\n\t\t<\/section>\n\t\t\t\t<section class=\"elementor-section elementor-top-section elementor-element elementor-element-fbebcab elementor-section-boxed elementor-section-height-default elementor-section-height-default wpr-particle-no wpr-jarallax-no wpr-parallax-no wpr-sticky-section-no\" data-id=\"fbebcab\" data-element_type=\"section\">\n\t\t\t\t\t\t<div class=\"elementor-container elementor-column-gap-default\">\n\t\t\t\t\t<div class=\"elementor-column elementor-col-100 elementor-top-column elementor-element elementor-element-3a78d25\" data-id=\"3a78d25\" data-element_type=\"column\">\n\t\t\t<div class=\"elementor-widget-wrap elementor-element-populated\">\n\t\t\t\t\t\t<div class=\"elementor-element elementor-element-1288ce1 elementor-widget elementor-widget-html\" data-id=\"1288ce1\" data-element_type=\"widget\" data-widget_type=\"html.default\">\n\t\t\t\t<div class=\"elementor-widget-container\">\n\t\t\t\t\t\r\n  <style>\r\n  \/* Contenedor general *\/\r\n    .center-container {\r\n      display: flex;\r\n      justify-content: center;\r\n      align-items: center;\r\n      height: 10vh; \/* Ajusta seg\u00fan el tama\u00f1o de tu secci\u00f3n *\/\r\n      width: 100%;\r\n       \/* Fondo opcional *\/\r\n    }\r\n\r\n    .switch-button {\r\n      position: relative;\r\n      display: inline-flex;\r\n      align-items: center;\r\n      font-family: Arial, sans-serif;\r\n      font-size: 18px;\r\n      cursor: pointer;\r\n      text-align: center;\r\n    }\r\n\r\n    .switch-button .option {\r\n      padding: 0 10px;\r\n      color: black;\r\n      transition: color 0.3s ease;\r\n    }\r\n\r\n    .switch-button .divider {\r\n      padding: 0 5px;\r\n      color: black;\r\n    }\r\n\r\n    .switch-button .option.active {\r\n      font-weight: bold;\r\n    }\r\n\r\n    \/* Ocultar contenido por defecto *\/\r\n    .hidden {\r\n      display: none;\r\n    }\r\n\r\n    \/* Estilo de la secci\u00f3n activa *\/\r\n    .visible {\r\n      display: block;\r\n    }\r\n\r\n    \/* Secci\u00f3n: Plan de Estudios *\/\r\n    .study-plan {\r\n      display: flex;\r\n      justify-content: space-around;\r\n      margin-top: 20px;\r\n      gap: 20px;\r\n    }\r\n\r\n    .study-plan .year {\r\n      text-align: left;\r\n      flex: 1;\r\n    }\r\n\r\n    .study-plan ul {\r\n      list-style: none;\r\n      padding: 0;\r\n    }\r\n\r\n    .study-plan ul li {\r\n      position: relative;\r\n      padding-left: 20px;\r\n      margin-bottom: 10px;\r\n      font-size: 16px;\r\n    }\r\n\r\n    .study-plan ul li::before {\r\n      content: \"\";\r\n      position: absolute;\r\n      left: 0;\r\n      top: 50%;\r\n      transform: translateY(-50%);\r\n      width: 6px;\r\n      height: 2px;\r\n      background-color: #f3545d;\r\n    }\r\n\r\n    \/* Tabla: Correlatividades *\/\r\n   .correlatividades-container {\r\n  display: flex;\r\n  justify-content: center; \/* Centra horizontalmente *\/\r\n  align-items: center; \/* Centra verticalmente *\/\r\n  height: 100%; \/* Ajusta seg\u00fan el tama\u00f1o que necesites *\/\r\n}\r\n\r\n.correlatividades-container table {\r\n  margin: auto; \/* Asegura que la tabla est\u00e9 centrada *\/\r\n  text-align: center; \/* Opcional: centra el texto dentro de las celdas *\/\r\n}\r\n\r\n    .correlatividades-container thead {\r\n      background-color: #f9f9f9;\r\n    }\r\n.correlatividades-container table th,\r\n.correlatividades-container table td {\r\n  vertical-align: middle; \/* Centra el texto verticalmente *\/\r\n  text-align: center; \/* Centra el texto horizontalmente *\/\r\n}\r\n    .correlatividades-container thead th {\r\n      padding: 10px;\r\n      font-weight: bold;\r\n      text-align: left;\r\n      border-bottom: 2px solid #f3545d;\r\n    }\r\n\r\n    .correlatividades-container tbody td {\r\n      padding: 10px;\r\n      border-bottom: 1px solid #ddd;\r\n    }\r\n\r\n    .correlatividades-container tbody tr:hover {\r\n      background-color: #f5f5f5;\r\n    }\r\n\r\n    \/* Responsiveness *\/\r\n    @media (max-width: 768px) {\r\n      .study-plan {\r\n        flex-direction: column;\r\n        align-items: center;\r\n      }\r\n\r\n      .study-plan .year {\r\n        width: 100%;\r\n        text-align: center;\r\n      }\r\n\r\n      .study-plan ul li {\r\n        font-size: 14px;\r\n      }\r\n\r\n      .switch-button {\r\n        font-size: 16px;\r\n        flex-wrap: wrap;\r\n        justify-content: center;\r\n      }\r\n\r\n      .correlatividades-container table {\r\n        font-size: 14px;\r\n      }\r\n    }\r\n\r\n    @media (max-width: 480px) {\r\n      .study-plan ul li {\r\n        font-size: 12px;\r\n      }\r\n\r\n      .switch-button {\r\n        font-size: 14px;\r\n      }\r\n\r\n      .correlatividades-container table {\r\n        font-size: 12px;\r\n      }\r\n    }\r\n.table-responsive {\r\n  display: block; \/* Asegura que sea un contenedor bloque *\/\r\n  width: 100%; \/* Ocupa todo el ancho del contenedor padre *\/\r\n  overflow-x: auto !important; \/* Fuerza el desplazamiento horizontal *\/\r\n  -webkit-overflow-scrolling: touch; \/* Desplazamiento suave en dispositivos m\u00f3viles *\/\r\n}\r\n\r\n.table-responsive table {\r\n  width: 100%; \/* Permite que la tabla utilice todo el ancho disponible *\/\r\n  min-width: 900px; \/* Establece un ancho m\u00ednimo para evitar colapsos *\/\r\n  border-collapse: collapse;\r\n}\r\n  <\/style>\r\n\r\n  <div class=\"center-container\">\r\n    <div class=\"switch-button\">\r\n      <span class=\"option active\" data-target=\"plan-estudios\">Plan de Estudios<\/span>\r\n      <span class=\"divider\">\/<\/span>\r\n      <span class=\"option\" data-target=\"correlatividades\">Correlatividades<\/span>\r\n    <\/div>\r\n  <\/div>\r\n\r\n  <!-- Secci\u00f3n: Plan de Estudios -->\r\n  <div id=\"plan-estudios\" class=\"visible\">\r\n    <h2>Plan de Estudios<\/h2>\r\n    <div class=\"study-plan\">\r\n      <div class=\"year\">\r\n        <h3>1\u00b0 A\u00f1o<\/h3>\r\n        <ul>\r\n        <li>Taller de Oralidad<\/li>\r\n        <li>Biolog\u00eda Humana<\/li>\r\n        <li>Introducci\u00f3n a la investigaci\u00f3n en salud<\/li>\r\n        <li>Fundamentos de la Psicolog\u00eda general y de la intervenci\u00f3n Socio-Comunitaria<\/li>\r\n        <li>Introducci\u00f3n al Campo de la Salud<\/li>\r\n        <li>Practicas Profesionalizante I<\/li>\r\n        <li>Seminario I: Tecnolog\u00eda de la Informaci\u00f3n y la Comunicaci\u00f3n<\/li>\r\n        <\/ul>\r\n      <\/div>\r\n      <!-- 2\u00b0 A\u00f1o -->\r\n      <div class=\"year\">\r\n        <h3>2\u00b0 A\u00f1o<\/h3>\r\n        <ul>\r\n        <li>Modalidades de Intervenci\u00f3n en el Acompa\u00f1ante Terap\u00e9utico<\/li>\r\n        <li>Din\u00e1mica Grupal<\/li>\r\n        <li>Teor\u00eda Psicosocial y Comunitaria<\/li>\r\n        <li>Psicolog\u00eda Evolutiva<\/li>\r\n        <li>Psicopatolog\u00eda<\/li>\r\n        <li>Pr\u00e1ctica Profesionalizante II<\/li>\r\n        <li>Seminario II: Sistemas Familiares<\/li>\r\n        <li>Seminario III: Trastornos Cr\u00f3nicos y Degenerativos<\/li>\r\n        <\/ul>\r\n      <\/div>\r\n     <!-- 3\u00b0 A\u00f1o -->\r\n      <div class=\"year\">\r\n        <h3>3\u00b0 A\u00f1o<\/h3>\r\n        <ul>\r\n        <li>\u00c9tica y Deontolog\u00eda Profesional<\/li>\r\n        <li>Corrientes Psicolog\u00edcas Contempor\u00e1neas<\/li>\r\n        <li>Principios M\u00e9dicos y de Psicofarmacolog\u00eda<\/li>\r\n        <li>Acompa\u00f1amiento Terap\u00e9utico en la Ni\u00f1ez y la Adolescencia<\/li>\r\n        <li>Acompa\u00f1amiento Terap\u00e9utico del Adulto y Adulto Mayor<\/li>\r\n        <li>Pr\u00e1ctica Profesionalizante III<\/li>\r\n        <li>Seminario IV: Integraci\u00f3n Escolar<\/li>\r\n        <\/ul>\r\n      <\/div>\r\n    <\/div>\r\n  <\/div>\r\n\r\n  <!-- Secci\u00f3n: Correlatividades -->\r\n  <div id=\"correlatividades\" class=\"hidden\">\r\n    <h2>Correlatividades<\/h2>\r\n    <div class=\"correlatividades-container table-responsive\">\r\n       <h3>1\u00b0 A\u00f1o<\/h3>\r\n      <table>\r\n      <thead>\r\n  <tr>\r\n\r\n    <th rowspan=\"2\">Unidad Curricular<\/th>\r\n    <th rowspan=\"2\">Formato<\/th>\r\n    <th rowspan=\"2\">R\u00e9gimen de Cursado<\/th>\r\n    <th rowspan=\"2\">Modalidad de Acreditaci\u00f3n<\/th>\r\n    <th colspan=\"2\">Para cursar deber\u00e1...<\/th>\r\n    <th colspan=\"2\">Para rendir deber\u00e1...<\/th>\r\n  <\/tr>\r\n  <tr>\r\n    <th>Haber Regularizado<\/th>\r\n    <th>Haber Aprobado<\/th>\r\n    <th>Haber Regularizado<\/th>\r\n    <th>Haber Aprobado<\/th>\r\n  <\/tr>\r\n<\/thead>\r\n        <tbody>\r\n         <tr>\r\n          <td>Taller de Oralidad<\/td>\r\n          <td>Taller<\/td>\r\n          <td>Anual<\/td>\r\n          <td>Examen Final<\/td>\r\n          <td>-<\/td>\r\n          <td>-<\/td>\r\n          <td>-<\/td>\r\n           <td>-<\/td>\r\n          \r\n        <\/tr>\r\n          <tr>\r\n          <td>Biolog\u00eda Humana<\/td>\r\n          <td>Asignatura<\/td>\r\n          <td>Anual<\/td>\r\n          <td>Examen Final<\/td>\r\n          <td>-<\/td>\r\n          <td>-<\/td>\r\n          <td>-<\/td>\r\n           <td>-<\/td>\r\n          \r\n        <\/tr>\r\n        <\/tr>\r\n          <tr>\r\n          <td>Introducci\u00f3n a la investigaci\u00f3n en Salud<\/td>\r\n          <td>Asignatura<\/td>\r\n          <td>Anual<\/td>\r\n          <td>Examen Final<\/td>\r\n          <td>-<\/td>\r\n          <td>-<\/td>\r\n          <td>-<\/td>\r\n           <td>-<\/td>\r\n       \r\n        <\/tr>\r\n          <tr>\r\n          <td>Fundamentos de la Psicolog\u00eda General y de la Intervenci\u00f3n Socio-Comunitaria<\/td>\r\n          <td>Asignatura<\/td>\r\n          <td>Anual<\/td>\r\n          <td>Examen Final<\/td>\r\n          <td>-<\/td>\r\n          <td>-<\/td>\r\n          <td>-<\/td>\r\n           <td>-<\/td>\r\n       \r\n        <\/tr>\r\n        \r\n        <\/tr>\r\n          <tr>\r\n          <td>Introducci\u00f3n al Campo de la Salud<\/td>\r\n          <td>Asignatura<\/td>\r\n          <td>Anual<\/td>\r\n          <td>Examen Final<\/td>\r\n          <td>-<\/td>\r\n          <td>-<\/td>\r\n          <td>-<\/td>\r\n           <td>-<\/td>\r\n       \r\n        <\/tr>\r\n        <\/tr>\r\n          <tr>\r\n          <td>Pr\u00e1ctica Profesionalizante I<\/td>\r\n          <td>Pr\u00e1ctica<\/td>\r\n          <td>Anual<\/td>\r\n          <td>Examen Final<\/td>\r\n          <td>-<\/td>\r\n          <td>-<\/td>\r\n          <td>-<\/td>\r\n           <td>-<\/td>\r\n       \r\n        <\/tr>\r\n        <tr>\r\n          <td>Seminario I:TIC<\/td>\r\n          <td>Seminario<\/td>\r\n          <td>Anual<\/td>\r\n          <td>Promoci\u00f3n<\/td>\r\n          <td>-<\/td>\r\n          <td>-<\/td>\r\n          <td>-<\/td>\r\n           <td>-<\/td>\r\n       \r\n        <\/tr>\r\n         \r\n        <\/tr>\r\n          <!-- Agrega m\u00e1s filas aqu\u00ed -->\r\n        <\/tbody>\r\n      <\/table>\r\n    <\/div>\r\n     <!-- Tabla del 2do A\u00f1o -->\r\n  <div class=\"correlatividades-container table-responsive\">\r\n    <h3>2\u00b0 A\u00f1o<\/h3>\r\n     <table>\r\n      <thead>\r\n  <tr>\r\n\r\n    <th rowspan=\"2\">Unidad Curricular<\/th>\r\n    <th rowspan=\"2\">Formato<\/th>\r\n    <th rowspan=\"2\">R\u00e9gimen de Cursado<\/th>\r\n    <th rowspan=\"2\">Modalidad de Acreditaci\u00f3n<\/th>\r\n    <th colspan=\"2\">Para cursar deber\u00e1...<\/th>\r\n    <th colspan=\"2\">Para rendir deber\u00e1...<\/th>\r\n  <\/tr>\r\n  <tr>\r\n    <th>Haber Regularizado<\/th>\r\n    <th>Haber Aprobado<\/th>\r\n    <th>Haber Regularizado<\/th>\r\n    <th>Haber Aprobado<\/th>\r\n  <\/tr>\r\n<\/thead>\r\n        <tbody>\r\n         <tr>\r\n          <td>Modalidades de Intervenci\u00f3n en el Acompa\u00f1ante Terap\u00e9utico<\/td>\r\n          <td>Asignatura<\/td>\r\n          <td>Anual<\/td>\r\n          <td>Examen Final<\/td>\r\n          <td>Fundamentos de la Psicolog\u00eda General y de la Intervenci\u00f3n Socio-Comunitaria.<br>Pr\u00e1ctica Profesionalizante I.<\/td>\r\n          <td>-<\/td>\r\n          <td>-<\/td>\r\n           <td>Fundamentos de la Psicolog\u00eda General y de la Intervenci\u00f3n Socio-Comunitaria.<br>Pr\u00e1ctica Profesionalizante I.<\/td>\r\n          \r\n        <\/tr>\r\n          <tr>\r\n          <td>Din\u00e1mica Grupal<\/td>\r\n          <td>Asignatura<\/td>\r\n          <td>Anual<\/td>\r\n          <td>Promoci\u00f3n<\/td>\r\n          <td>-<\/td>\r\n          <td>-<\/td>\r\n          <td>-<\/td>\r\n           <td>-<\/td>\r\n          \r\n        <\/tr>\r\n        <\/tr>\r\n          <tr>\r\n          <td>Psicolog\u00eda Evolutiva<\/td>\r\n          <td>Asignatura<\/td>\r\n          <td>Anual<\/td>\r\n          <td>Examen Final<\/td>\r\n          <td>Fundamentos de la Psicolog\u00eda General y de la Intervenci\u00f3n Socio-Comunitaria.<\/td>\r\n          <td>-<\/td>\r\n          <td>-<\/td>\r\n           <td>Fundamentos de la Psicolog\u00eda General y de la Intervenci\u00f3n Socio-Comunitaria.<\/td>\r\n        <\/tr>\r\n        \r\n          <tr>\r\n          <td>Teor\u00eda Psicosocial y Comunitaria<\/td>\r\n          <td>Asignatura<\/td>\r\n          <td>Anual<\/td>\r\n          <td>Promoci\u00f3n<\/td>\r\n          <td>Fundamentos de la Psicolog\u00eda General y de la Intervenci\u00f3n Socio-Comunitaria.<\/td>\r\n          <td>-<\/td>\r\n          <td>-<\/td>\r\n           <td>Fundamentos de la Psicolog\u00eda General y de la Intervenci\u00f3n Socio-Comunitaria.<\/td>\r\n       \r\n        <\/tr>\r\n        \r\n        <\/tr>\r\n          <tr>\r\n          <td>Psicopatolog\u00eda<\/td>\r\n          <td>Asignatura<\/td>\r\n          <td>Anual<\/td>\r\n          <td>Examen Final<\/td>\r\n          <td>Fundamentos de la Psicolog\u00eda General y de la Intervenci\u00f3n Socio-Comunitaria.<\/td>\r\n          <td>-<\/td>\r\n          <td>-<\/td>\r\n           <td>Fundamentos de la Psicolog\u00eda General y de la Intervenci\u00f3n Socio-Comunitaria.<\/td>\r\n       \r\n        <\/tr>\r\n        <\/tr>\r\n          <tr>\r\n          <td>Pr\u00e1ctica Profesionalizante II<\/td>\r\n          <td>Pr\u00e1ctica<\/td>\r\n          <td>Anual<\/td>\r\n          <td>Examen Final<\/td>\r\n          <td>Pr\u00e1ctica Profesionalizante I<\/td>\r\n          <td>-<\/td>\r\n          <td>-<\/td>\r\n           <td>Pr\u00e1ctica Profesionalizante I<\/td>\r\n       \r\n        <\/tr>\r\n        <tr>\r\n          <td>Seminario II: Sistemas Familiares<\/td>\r\n          <td>Seminario<\/td>\r\n          <td>Anual<\/td>\r\n          <td>Promoci\u00f3n<\/td>\r\n          <td>Introducci\u00f3n al Campo de la Salud.<\/td>\r\n          <td>-<\/td>\r\n          <td>-<\/td>\r\n           <td>Introducci\u00f3n al Campo de la Salud.<\/td>\r\n       \r\n        <\/tr>\r\n        <tr>\r\n          <td>Seminario III: Trastornos Cr\u00f3nicos y Degenerativos<\/td>\r\n          <td>Seminario<\/td>\r\n          <td>Anual<\/td>\r\n          <td>Promoci\u00f3n<\/td>\r\n          <td>Biolog\u00eda Humana.<br>Introducci\u00f3n al Campo de la Salud.<\/td>\r\n          <td>-<\/td>\r\n          <td>-<\/td>\r\n           <td>Biolog\u00eda Humana.<br>Introducci\u00f3n al Campo de la Salud.<\/td>\r\n       \r\n        <\/tr>\r\n        \r\n          <!-- Agrega m\u00e1s filas aqu\u00ed -->\r\n        <\/tbody>\r\n      <\/table>\r\n  <\/div>\r\n  <!-- Tabla del 3er A\u00f1o -->\r\n <div class=\"correlatividades-container table-responsive\">\r\n    <h3>3\u00b0 A\u00f1o<\/h3>\r\n     <table>\r\n      <thead>\r\n  <tr>\r\n\r\n    <th rowspan=\"2\">Unidad Curricular<\/th>\r\n    <th rowspan=\"2\">Formato<\/th>\r\n    <th rowspan=\"2\">R\u00e9gimen de Cursado<\/th>\r\n    <th rowspan=\"2\">Modalidad de Acreditaci\u00f3n<\/th>\r\n    <th colspan=\"2\">Para cursar deber\u00e1...<\/th>\r\n    <th colspan=\"2\">Para rendir deber\u00e1...<\/th>\r\n  <\/tr>\r\n  <tr>\r\n    <th>Haber Regularizado<\/th>\r\n    <th>Haber Aprobado<\/th>\r\n    <th>Haber Regularizado<\/th>\r\n    <th>Haber Aprobado<\/th>\r\n  <\/tr>\r\n<\/thead>\r\n        <tbody>\r\n         <tr>\r\n          <td>\u00c9tica y Deontolog\u00eda Profesional<\/td>\r\n          <td>Asignatura<\/td>\r\n          <td>Anual<\/td>\r\n          <td>Promoci\u00f3n<\/td>\r\n          <td>Modalidades de Intervenci\u00f3n en el Acompa\u00f1ante Terap\u00e9utico.<\/td>\r\n          <td>Introducci\u00f3n al Campo de la Salud.<\/td>\r\n          <td>-<\/td>\r\n           <td>Modalidades de Intervenci\u00f3n en el Acompa\u00f1ante Terap\u00e9utico.<br>Introducci\u00f3n al Campo de la Salud.<\/td>\r\n          \r\n        <\/tr>\r\n          <tr>\r\n          <td>Corrientes Psicolog\u00edcas Contempor\u00e1neas<\/td>\r\n          <td>Asignatura<\/td>\r\n          <td>Anual<\/td>\r\n          <td>Promoci\u00f3n<\/td>\r\n          <td>Psicolog\u00eda Evolutiva<\/td>\r\n          <td>-<\/td>\r\n          <td>-<\/td>\r\n           <td>Fundamentos de la Psicolog\u00eda General y de la Intervenci\u00f3n Socio-Comunitaria.<\/td>\r\n          \r\n        <\/tr>\r\n        <\/tr>\r\n          <tr>\r\n          <td>Principios M\u00e9dicos y de Psicofarmacolog\u00eda<\/td>\r\n          <td>Asignatura<\/td>\r\n          <td>Anual<\/td>\r\n          <td>Examen Final<\/td>\r\n          <td>Psicopatolog\u00eda<\/td>\r\n          <td>Biolog\u00eda Humana<\/td>\r\n          <td>-<\/td>\r\n           <td>Psicopatolog\u00eda.<br>Biolog\u00eda Humana.<\/td>\r\n       \r\n        <\/tr>\r\n          <tr>\r\n          <td>Acompa\u00f1amiento Terap\u00e9utico en la Ni\u00f1ez y la Adolescencia<\/td>\r\n          <td>Asignatura<\/td>\r\n          <td>Anual<\/td>\r\n          <td>Examen Final<\/td>\r\n          <td>Psicolog\u00eda Evolutiva.<br>Modalidades de Intervenci\u00f3n en el Acompa\u00f1ante Terap\u00e9utico.<\/td>\r\n          <td>Fundamentos de la Psicolog\u00eda General y de la Intervenci\u00f3n Socio-Comunitaria.<\/td>\r\n          <td>-<\/td>\r\n           <td>Fundamentos de la Psicolog\u00eda General y de la Intervenci\u00f3n Socio-Comunitaria.<br>Psicolog\u00eda Evolutiva.<br>Modalidades de Intervenci\u00f3n en el Acompa\u00f1ante Terap\u00e9utico.<\/td>\r\n       \r\n        <\/tr>\r\n        \r\n        <\/tr>\r\n          <tr>\r\n          <td>Acompa\u00f1amiento Terap\u00e9utico del Adulto y Adulto Mayor<\/td>\r\n          <td>Asignatura<\/td>\r\n          <td>Anual<\/td>\r\n          <td>Examen Final<\/td>\r\n          <td>Psicolog\u00eda Evolutiva.<br>Modalidades de Intervenci\u00f3n en el Acompa\u00f1ante Terap\u00e9utico.<\/td>\r\n          <td>Fundamentos de la Psicolog\u00eda General y de la Intervenci\u00f3n Socio-Comunitaria.<\/td>\r\n          <td>-<\/td>\r\n           <td>Fundamentos de la Psicolog\u00eda General y de la Intervenci\u00f3n Socio-Comunitaria.<br>Psicolog\u00eda Evolutiva<br>Modalidades de Intervenci\u00f3n en el Acompa\u00f1ante Terap\u00e9utico.<\/td>\r\n       \r\n        \r\n        <\/tr>\r\n          <tr>\r\n          <td>Pr\u00e1ctica Profesionalizante III<\/td>\r\n          <td>Pr\u00e1ctica<\/td>\r\n          <td>Anual<\/td>\r\n          <td>Examen Final<\/td>\r\n          <td>Pr\u00e1ctica Profesionalizante II<\/td>\r\n          <td>Pr\u00e1ctica Profesionalizante I<\/td>\r\n          <td>-<\/td>\r\n           <td>Todo el Plan de Estudio.<\/td>\r\n       \r\n        <\/tr>\r\n        <tr>\r\n          <td>Seminario IV: Integraci\u00f3n Escolar<\/td>\r\n          <td>Seminario<\/td>\r\n          <td>Anual<\/td>\r\n          <td>Promoci\u00f3n<\/td>\r\n          <td>Psicolog\u00eda Evolutiva.<br>Seminario III: Trastornos Cr\u00f3nicos y Degenerativos.<\/td>\r\n          <td>Fundamentos de la Psicolog\u00eda General y de la Intervenci\u00f3n Socio-Comunitaria.<\/td>\r\n          <td>-<\/td>\r\n           <td>Psicolog\u00eda Evolutiva.<br>Seminario III: Trastornos Cr\u00f3nicos y Degenerativos.<\/td>\r\n       \r\n        <\/tr>\r\n        \r\n          <!-- Agrega m\u00e1s filas aqu\u00ed -->\r\n        <\/tbody>\r\n      <\/table>\r\n  <\/div>\r\n  <\/div>\r\n\r\n  <script>\r\n    document.addEventListener(\"DOMContentLoaded\", function () {\r\n      const buttons = document.querySelectorAll(\".switch-button .option\");\r\n      const planEstudios = document.getElementById(\"plan-estudios\");\r\n      const correlatividades = document.getElementById(\"correlatividades\");\r\n\r\n      buttons.forEach((button) => {\r\n        button.addEventListener(\"click\", () => {\r\n          \/\/ Cambiar clase activa\r\n          document.querySelector(\".switch-button .active\").classList.remove(\"active\");\r\n          button.classList.add(\"active\");\r\n\r\n          \/\/ Mostrar\/Ocultar secciones\r\n          if (button.dataset.target === \"plan-estudios\") {\r\n            planEstudios.classList.remove(\"hidden\");\r\n            planEstudios.classList.add(\"visible\");\r\n            correlatividades.classList.remove(\"visible\");\r\n            correlatividades.classList.add(\"hidden\");\r\n          } else if (button.dataset.target === \"correlatividades\") {\r\n            correlatividades.classList.remove(\"hidden\");\r\n            correlatividades.classList.add(\"visible\");\r\n            planEstudios.classList.remove(\"visible\");\r\n            planEstudios.classList.add(\"hidden\");\r\n          }\r\n        });\r\n      });\r\n    });\r\n  <\/script>\r\n\r\n\t\t\t\t<\/div>\n\t\t\t\t<\/div>\n\t\t\t\t\t<\/div>\n\t\t<\/div>\n\t\t\t\t\t<\/div>\n\t\t<\/section>\n\t\t\t\t<section class=\"elementor-section elementor-top-section elementor-element elementor-element-8777026 elementor-section-boxed elementor-section-height-default elementor-section-height-default wpr-particle-no wpr-jarallax-no wpr-parallax-no wpr-sticky-section-no\" data-id=\"8777026\" data-element_type=\"section\">\n\t\t\t\t\t\t<div class=\"elementor-container elementor-column-gap-default\">\n\t\t\t\t\t<div class=\"elementor-column elementor-col-100 elementor-top-column elementor-element elementor-element-0adcc03\" data-id=\"0adcc03\" data-element_type=\"column\">\n\t\t\t<div class=\"elementor-widget-wrap elementor-element-populated\">\n\t\t\t\t\t\t<div class=\"elementor-element elementor-element-7e8e11e elementor-align-left elementor-invisible elementor-widget elementor-widget-button\" data-id=\"7e8e11e\" data-element_type=\"widget\" data-settings=\"{&quot;_animation&quot;:&quot;fadeIn&quot;,&quot;_animation_delay&quot;:2000}\" data-widget_type=\"button.default\">\n\t\t\t\t<div class=\"elementor-widget-container\">\n\t\t\t\t\t\t\t\t\t<div class=\"elementor-button-wrapper\">\n\t\t\t\t\t<a class=\"elementor-button elementor-button-link elementor-size-sm\" href=\"https:\/\/politecnicomisiones.edu.ar\/\">\n\t\t\t\t\t\t<span class=\"elementor-button-content-wrapper\">\n\t\t\t\t\t\t\t\t\t<span class=\"elementor-button-text\">Volver<\/span>\n\t\t\t\t\t<\/span>\n\t\t\t\t\t<\/a>\n\t\t\t\t<\/div>\n\t\t\t\t\t\t\t\t<\/div>\n\t\t\t\t<\/div>\n\t\t\t\t\t<\/div>\n\t\t<\/div>\n\t\t\t\t\t<\/div>\n\t\t<\/section>\n\t\t\t\t<\/div>\n\t\t","protected":false},"excerpt":{"rendered":"<p>T\u00e9cnico Superior en Acompa\u00f1amiento Terap\u00e9utico Un acompa\u00f1ante terap\u00e9utico es un profesional de la salud que brinda contenci\u00f3n y asistencia a personas que requieren atenci\u00f3n especializada. Trabaja en conjunto con un equipo interdisciplinario o profesional tratante, para colaborar con la rehabilitaci\u00f3n de individuos con alg\u00fan&nbsp;padecimiento, fomentando el bienestar bio-psico-social. Opera como potenciador y facilitador en la rehabilitaci\u00f3n, la prevenci\u00f3n de posibles reca\u00eddas, la identificaci\u00f3n y anticipaci\u00f3n de situaciones de riesgo, y en la vinculaci\u00f3n social de las personas con padecimientos mentales. Interviene en un trabajo interdisciplinario, que propicia diversos modelos de abordaje, tendientes a promover los enfoques ambulatorios en problem\u00e1ticas psicopatol\u00f3gicas, y ante situaciones de crisis y emergencia cl\u00ednica. Participa en la implementaci\u00f3n de estrategias de contenci\u00f3n emocional de la persona con padecimiento mental y su familia, en los \u00e1mbitos institucionales y\/o habituales de convivencia, en los cuidados cotidianos y actividades de la vida diaria. Aporta su intervenci\u00f3n en estrategias terap\u00e9uticas, tendientes a favorecer el arraigo en su hogar o instituci\u00f3n y preservar sus actividades laborales, educativas y recreativas usuales, asimismo incentivar la generaci\u00f3n de las mismas cuando no est\u00e1n desarrolladas en la persona, respetando sus posibilidades, aptitudes y deseos. Promueve actividades orientadas a la recuperaci\u00f3n de la identidad, el auto valimiento, la organizaci\u00f3n del tiempo y la integraci\u00f3n social, formando parte de las estrategias terap\u00e9uticas interdisciplinarias desde su actividad espec\u00edfica, para colaborar en el dise\u00f1o de acciones y programas. Act\u00faa interdisciplinariamente con profesionales de diferente nivel de calificaci\u00f3n, eventualmente involucrados en su actividad, lo que le posibilita compartir la problem\u00e1tica espec\u00edfica con el resto del equipo de salud, con una actitud \u00e9tica, responsable y comprometida. Reconoce las posibilidades transformadoras de su pr\u00e1ctica, en el marco de los principios \u00e9ticos y legales que rigen su rol como Acompa\u00f1ante Terap\u00e9utico, analizando los condicionamientos hist\u00f3ricos, sociales y pol\u00edticos que caracterizan la realidad del sistema de salud, en el marco de los fundamentos sociales y cient\u00edficos de su profesi\u00f3n. Plan de Estudios \/ Correlatividades Plan de Estudios 1\u00b0 A\u00f1o Taller de Oralidad Biolog\u00eda Humana Introducci\u00f3n a la investigaci\u00f3n en salud Fundamentos de la Psicolog\u00eda general y de la intervenci\u00f3n Socio-Comunitaria Introducci\u00f3n al Campo de la Salud Practicas Profesionalizante I Seminario I: Tecnolog\u00eda de la Informaci\u00f3n y la Comunicaci\u00f3n 2\u00b0 A\u00f1o Modalidades de Intervenci\u00f3n en el Acompa\u00f1ante Terap\u00e9utico Din\u00e1mica Grupal Teor\u00eda Psicosocial y Comunitaria Psicolog\u00eda Evolutiva Psicopatolog\u00eda Pr\u00e1ctica Profesionalizante II Seminario II: Sistemas Familiares Seminario III: Trastornos Cr\u00f3nicos y Degenerativos 3\u00b0 A\u00f1o \u00c9tica y Deontolog\u00eda Profesional Corrientes Psicolog\u00edcas Contempor\u00e1neas Principios M\u00e9dicos y de Psicofarmacolog\u00eda Acompa\u00f1amiento Terap\u00e9utico en la Ni\u00f1ez y la Adolescencia Acompa\u00f1amiento Terap\u00e9utico del Adulto y Adulto Mayor Pr\u00e1ctica Profesionalizante III Seminario IV: Integraci\u00f3n Escolar Correlatividades 1\u00b0 A\u00f1o Unidad Curricular Formato R\u00e9gimen de Cursado Modalidad de Acreditaci\u00f3n Para cursar deber\u00e1&#8230; Para rendir deber\u00e1&#8230; Haber Regularizado Haber Aprobado Haber Regularizado Haber Aprobado Taller de Oralidad Taller Anual Examen Final &#8211; &#8211; &#8211; &#8211; Biolog\u00eda Humana Asignatura Anual Examen Final &#8211; &#8211; &#8211; &#8211; Introducci\u00f3n a la investigaci\u00f3n en Salud Asignatura Anual Examen Final &#8211; &#8211; &#8211; &#8211; Fundamentos de la Psicolog\u00eda General y de la Intervenci\u00f3n Socio-Comunitaria Asignatura Anual Examen Final &#8211; &#8211; &#8211; &#8211; Introducci\u00f3n al Campo de la Salud Asignatura Anual Examen Final &#8211; &#8211; &#8211; &#8211; Pr\u00e1ctica Profesionalizante I Pr\u00e1ctica Anual Examen Final &#8211; &#8211; &#8211; &#8211; Seminario I:TIC Seminario Anual Promoci\u00f3n &#8211; &#8211; &#8211; &#8211; 2\u00b0 A\u00f1o Unidad Curricular Formato R\u00e9gimen de Cursado Modalidad de Acreditaci\u00f3n Para cursar deber\u00e1&#8230; Para rendir deber\u00e1&#8230; Haber Regularizado Haber Aprobado Haber Regularizado Haber Aprobado Modalidades de Intervenci\u00f3n en el Acompa\u00f1ante Terap\u00e9utico Asignatura Anual Examen Final Fundamentos de la Psicolog\u00eda General y de la Intervenci\u00f3n Socio-Comunitaria.Pr\u00e1ctica Profesionalizante I. &#8211; &#8211; Fundamentos de la Psicolog\u00eda General y de la Intervenci\u00f3n Socio-Comunitaria.Pr\u00e1ctica Profesionalizante I. Din\u00e1mica Grupal Asignatura Anual Promoci\u00f3n &#8211; &#8211; &#8211; &#8211; Psicolog\u00eda Evolutiva Asignatura Anual Examen Final Fundamentos de la Psicolog\u00eda General y de la Intervenci\u00f3n Socio-Comunitaria. &#8211; &#8211; Fundamentos de la Psicolog\u00eda General y de la Intervenci\u00f3n Socio-Comunitaria. Teor\u00eda Psicosocial y Comunitaria Asignatura Anual Promoci\u00f3n Fundamentos de la Psicolog\u00eda General y de la Intervenci\u00f3n Socio-Comunitaria. &#8211; &#8211; Fundamentos de la Psicolog\u00eda General y de la Intervenci\u00f3n Socio-Comunitaria. Psicopatolog\u00eda Asignatura Anual Examen Final Fundamentos de la Psicolog\u00eda General y de la Intervenci\u00f3n Socio-Comunitaria. &#8211; &#8211; Fundamentos de la Psicolog\u00eda General y de la Intervenci\u00f3n Socio-Comunitaria. Pr\u00e1ctica Profesionalizante II Pr\u00e1ctica Anual Examen Final Pr\u00e1ctica Profesionalizante I &#8211; &#8211; Pr\u00e1ctica Profesionalizante I Seminario II: Sistemas Familiares Seminario Anual Promoci\u00f3n Introducci\u00f3n al Campo de la Salud. &#8211; &#8211; Introducci\u00f3n al Campo de la Salud. Seminario III: Trastornos Cr\u00f3nicos y Degenerativos Seminario Anual Promoci\u00f3n Biolog\u00eda Humana.Introducci\u00f3n al Campo de la Salud. &#8211; &#8211; Biolog\u00eda Humana.Introducci\u00f3n al Campo de la Salud. 3\u00b0 A\u00f1o Unidad Curricular Formato R\u00e9gimen de Cursado Modalidad de Acreditaci\u00f3n Para cursar deber\u00e1&#8230; Para rendir deber\u00e1&#8230; Haber Regularizado Haber Aprobado Haber Regularizado Haber Aprobado \u00c9tica y Deontolog\u00eda Profesional Asignatura Anual Promoci\u00f3n Modalidades de Intervenci\u00f3n en el Acompa\u00f1ante Terap\u00e9utico. Introducci\u00f3n al Campo de la Salud. &#8211; Modalidades de Intervenci\u00f3n en el Acompa\u00f1ante Terap\u00e9utico.Introducci\u00f3n al Campo de la Salud. Corrientes Psicolog\u00edcas Contempor\u00e1neas Asignatura Anual Promoci\u00f3n Psicolog\u00eda Evolutiva &#8211; &#8211; Fundamentos de la Psicolog\u00eda General y de la Intervenci\u00f3n Socio-Comunitaria. Principios M\u00e9dicos y de Psicofarmacolog\u00eda Asignatura Anual Examen Final Psicopatolog\u00eda Biolog\u00eda Humana &#8211; Psicopatolog\u00eda.Biolog\u00eda Humana. Acompa\u00f1amiento Terap\u00e9utico en la Ni\u00f1ez y la Adolescencia Asignatura Anual Examen Final Psicolog\u00eda Evolutiva.Modalidades de Intervenci\u00f3n en el Acompa\u00f1ante Terap\u00e9utico. Fundamentos de la Psicolog\u00eda General y de la Intervenci\u00f3n Socio-Comunitaria. &#8211; Fundamentos de la Psicolog\u00eda General y de la Intervenci\u00f3n Socio-Comunitaria.Psicolog\u00eda Evolutiva.Modalidades de Intervenci\u00f3n en el Acompa\u00f1ante Terap\u00e9utico. Acompa\u00f1amiento Terap\u00e9utico del Adulto y Adulto Mayor Asignatura Anual Examen Final Psicolog\u00eda Evolutiva.Modalidades de Intervenci\u00f3n en el Acompa\u00f1ante Terap\u00e9utico. Fundamentos de la Psicolog\u00eda General y de la Intervenci\u00f3n Socio-Comunitaria. &#8211; Fundamentos de la Psicolog\u00eda General y de la Intervenci\u00f3n Socio-Comunitaria.Psicolog\u00eda EvolutivaModalidades de Intervenci\u00f3n en el Acompa\u00f1ante Terap\u00e9utico. Pr\u00e1ctica Profesionalizante III Pr\u00e1ctica Anual Examen Final Pr\u00e1ctica Profesionalizante II Pr\u00e1ctica Profesionalizante I &#8211; Todo el Plan de Estudio. Seminario IV: Integraci\u00f3n Escolar Seminario Anual Promoci\u00f3n Psicolog\u00eda Evolutiva.Seminario III: Trastornos Cr\u00f3nicos y Degenerativos. Fundamentos de la Psicolog\u00eda General y de la Intervenci\u00f3n Socio-Comunitaria. &#8211; Psicolog\u00eda Evolutiva.Seminario III: Trastornos Cr\u00f3nicos y Degenerativos.<\/p>\n","protected":false},"author":3,"featured_media":0,"parent":0,"menu_order":0,"comment_status":"closed","ping_status":"closed","template":"elementor_header_footer","meta":{"om_disable_all_campaigns":false,"footnotes":""},"aioseo_notices":[],"_links":{"self":[{"href":"https:\/\/politecnicomisiones.edu.ar\/paginainstitucional\/wp-json\/wp\/v2\/pages\/1424"}],"collection":[{"href":"https:\/\/politecnicomisiones.edu.ar\/paginainstitucional\/wp-json\/wp\/v2\/pages"}],"about":[{"href":"https:\/\/politecnicomisiones.edu.ar\/paginainstitucional\/wp-json\/wp\/v2\/types\/page"}],"author":[{"embeddable":true,"href":"https:\/\/politecnicomisiones.edu.ar\/paginainstitucional\/wp-json\/wp\/v2\/users\/3"}],"replies":[{"embeddable":true,"href":"https:\/\/politecnicomisiones.edu.ar\/paginainstitucional\/wp-json\/wp\/v2\/comments?post=1424"}],"version-history":[{"count":72,"href":"https:\/\/politecnicomisiones.edu.ar\/paginainstitucional\/wp-json\/wp\/v2\/pages\/1424\/revisions"}],"predecessor-version":[{"id":1905,"href":"https:\/\/politecnicomisiones.edu.ar\/paginainstitucional\/wp-json\/wp\/v2\/pages\/1424\/revisions\/1905"}],"wp:attachment":[{"href":"https:\/\/politecnicomisiones.edu.ar\/paginainstitucional\/wp-json\/wp\/v2\/media?parent=1424"}],"curies":[{"name":"wp","href":"https:\/\/api.w.org\/{rel}","templated":true}]}}