{"id":1110,"date":"2022-12-01T20:24:38","date_gmt":"2022-12-01T20:24:38","guid":{"rendered":"https:\/\/politecnicomisiones.edu.ar\/paginainstitucional?page_id=1110"},"modified":"2024-12-04T23:48:05","modified_gmt":"2024-12-04T23:48:05","slug":"tecnico-superior-en-enfermeria","status":"publish","type":"page","link":"https:\/\/politecnicomisiones.edu.ar\/paginainstitucional\/tecnico-superior-en-enfermeria\/","title":{"rendered":"T\u00e9cnico Superior en Enfermer\u00eda"},"content":{"rendered":"\t\t<div data-elementor-type=\"wp-page\" data-elementor-id=\"1110\" class=\"elementor elementor-1110\">\n\t\t\t\t\t\t<section class=\"elementor-section elementor-top-section elementor-element elementor-element-8ca22f0 elementor-section-height-min-height elementor-section-boxed elementor-section-height-default elementor-section-items-middle wpr-particle-no wpr-jarallax-no wpr-parallax-no wpr-sticky-section-no\" data-id=\"8ca22f0\" data-element_type=\"section\" data-settings=\"{&quot;background_background&quot;:&quot;classic&quot;,&quot;shape_divider_bottom&quot;:&quot;waves&quot;}\">\n\t\t\t\t\t<div class=\"elementor-shape elementor-shape-bottom\" aria-hidden=\"true\" data-negative=\"false\">\n\t\t\t<svg xmlns=\"http:\/\/www.w3.org\/2000\/svg\" viewBox=\"0 0 1000 100\" preserveAspectRatio=\"none\">\n\t<path class=\"elementor-shape-fill\" d=\"M421.9,6.5c22.6-2.5,51.5,0.4,75.5,5.3c23.6,4.9,70.9,23.5,100.5,35.7c75.8,32.2,133.7,44.5,192.6,49.7\n\tc23.6,2.1,48.7,3.5,103.4-2.5c54.7-6,106.2-25.6,106.2-25.6V0H0v30.3c0,0,72,32.6,158.4,30.5c39.2-0.7,92.8-6.7,134-22.4\n\tc21.2-8.1,52.2-18.2,79.7-24.2C399.3,7.9,411.6,7.5,421.9,6.5z\"\/>\n<\/svg>\t\t<\/div>\n\t\t\t\t\t<div class=\"elementor-container elementor-column-gap-default\">\n\t\t\t\t\t<div class=\"elementor-column elementor-col-100 elementor-top-column elementor-element elementor-element-0e86f08\" data-id=\"0e86f08\" data-element_type=\"column\">\n\t\t\t<div class=\"elementor-widget-wrap elementor-element-populated\">\n\t\t\t\t\t\t<div class=\"elementor-element elementor-element-c7519dc elementor-widget elementor-widget-heading\" data-id=\"c7519dc\" data-element_type=\"widget\" data-widget_type=\"heading.default\">\n\t\t\t\t<div class=\"elementor-widget-container\">\n\t\t\t\t\t<h2 class=\"elementor-heading-title elementor-size-default\">T\u00e9cnico Superior en Enfermer\u00eda <\/h2>\t\t\t\t<\/div>\n\t\t\t\t<\/div>\n\t\t\t\t<div class=\"elementor-element elementor-element-811623f elementor-widget elementor-widget-image\" data-id=\"811623f\" data-element_type=\"widget\" data-widget_type=\"image.default\">\n\t\t\t\t<div class=\"elementor-widget-container\">\n\t\t\t\t\t\t\t\t\t\t\t\t\t\t\t<img decoding=\"async\" src=\"https:\/\/politecnicomisiones.edu.ar\/paginainstitucional\/wp-content\/uploads\/elementor\/thumbs\/pexels-rodnae-productions-6129507-pyjf38j1zjfwnykut7untq9xkfsq8mfrgn3pe7vif4.jpg\" title=\"pexels-rodnae-productions-6129507\" alt=\"pexels-rodnae-productions-6129507\" loading=\"lazy\" \/>\t\t\t\t\t\t\t\t\t\t\t\t\t\t\t<\/div>\n\t\t\t\t<\/div>\n\t\t\t\t\t<\/div>\n\t\t<\/div>\n\t\t\t\t\t<\/div>\n\t\t<\/section>\n\t\t\t\t<section class=\"elementor-section elementor-top-section elementor-element elementor-element-9b99c02 elementor-section-boxed elementor-section-height-default elementor-section-height-default wpr-particle-no wpr-jarallax-no wpr-parallax-no wpr-sticky-section-no\" data-id=\"9b99c02\" data-element_type=\"section\">\n\t\t\t\t\t\t<div class=\"elementor-container elementor-column-gap-default\">\n\t\t\t\t\t<div class=\"elementor-column elementor-col-100 elementor-top-column elementor-element elementor-element-8e13026\" data-id=\"8e13026\" data-element_type=\"column\">\n\t\t\t<div class=\"elementor-widget-wrap elementor-element-populated\">\n\t\t\t\t\t\t<div class=\"elementor-element elementor-element-593a630 elementor-widget elementor-widget-heading\" data-id=\"593a630\" data-element_type=\"widget\" data-widget_type=\"heading.default\">\n\t\t\t\t<div class=\"elementor-widget-container\">\n\t\t\t\t\t<h2 class=\"elementor-heading-title elementor-size-default\">Perfil del profesional<\/h2>\t\t\t\t<\/div>\n\t\t\t\t<\/div>\n\t\t\t\t\t<\/div>\n\t\t<\/div>\n\t\t\t\t\t<\/div>\n\t\t<\/section>\n\t\t\t\t<section class=\"elementor-section elementor-top-section elementor-element elementor-element-eb69c43 elementor-section-boxed elementor-section-height-default elementor-section-height-default wpr-particle-no wpr-jarallax-no wpr-parallax-no wpr-sticky-section-no\" data-id=\"eb69c43\" data-element_type=\"section\">\n\t\t\t\t\t\t<div class=\"elementor-container elementor-column-gap-default\">\n\t\t\t\t\t<div class=\"elementor-column elementor-col-100 elementor-top-column elementor-element elementor-element-b38fdef\" data-id=\"b38fdef\" data-element_type=\"column\">\n\t\t\t<div class=\"elementor-widget-wrap elementor-element-populated\">\n\t\t\t\t\t\t<div class=\"elementor-element elementor-element-e328189 elementor-widget elementor-widget-text-editor\" data-id=\"e328189\" data-element_type=\"widget\" data-widget_type=\"text-editor.default\">\n\t\t\t\t<div class=\"elementor-widget-container\">\n\t\t\t\t\t\t\t\t\t<p>El Enfermero\/a est\u00e1 capacitado para el ejercicio profesional en relaci\u00f3n de dependencia y en forma libre, desarrollando, brindando y gestionando los cuidados de enfermer\u00eda aut\u00f3nomos e interdependientes para la promoci\u00f3n, prevenci\u00f3n, recuperaci\u00f3n y rehabilitaci\u00f3n de la persona, la familia, grupo y comunidad hasta el nivel de cuidados intermedios, en los \u00e1mbitos comunitario y hospitalario; gestionando su \u00e1mbito de trabajo y participando en estudios de investigaci\u00f3n- acci\u00f3n. <br \/>Asume la responsabilidad integral del proceso en el que interviene e interact\u00faa con otros trabajadores y profesionales manifestando competencias transversales en el marco de un equipo de trabajo en el cual participa para interpretar las definiciones estrat\u00e9gicas surgidas de los estamentos profesionales y jer\u00e1rquicos correspondientes.<\/p><p>Asimismo, es responsable y ejerce autonom\u00eda respecto de su propio trabajo.<\/p><p>Funciones que ejerce el profesional:<\/p>\t\t\t\t\t\t\t\t<\/div>\n\t\t\t\t<\/div>\n\t\t\t\t<div class=\"elementor-element elementor-element-e27b0a8 elementor-list-item-link-full_width elementor-widget elementor-widget-icon-list\" data-id=\"e27b0a8\" data-element_type=\"widget\" data-widget_type=\"icon-list.default\">\n\t\t\t\t<div class=\"elementor-widget-container\">\n\t\t\t\t\t\t\t<ul class=\"elementor-icon-list-items\">\n\t\t\t\t\t\t\t<li class=\"elementor-icon-list-item\">\n\t\t\t\t\t\t\t\t\t\t\t<span class=\"elementor-icon-list-icon\">\n\t\t\t\t\t\t\t<i aria-hidden=\"true\" class=\"fas fa-angle-right\"><\/i>\t\t\t\t\t\t<\/span>\n\t\t\t\t\t\t\t\t\t\t<span class=\"elementor-icon-list-text\">Desarrollar y gestionar cuidados de enfermer\u00eda para la promoci\u00f3n, prevenci\u00f3n y recuperaci\u00f3n hasta el nivel de cuidados intermedios con la comunidad.<\/span>\n\t\t\t\t\t\t\t\t\t<\/li>\n\t\t\t\t\t\t\t\t<li class=\"elementor-icon-list-item\">\n\t\t\t\t\t\t\t\t\t\t\t<span class=\"elementor-icon-list-icon\">\n\t\t\t\t\t\t\t<i aria-hidden=\"true\" class=\"fas fa-angle-right\"><\/i>\t\t\t\t\t\t<\/span>\n\t\t\t\t\t\t\t\t\t\t<span class=\"elementor-icon-list-text\">Gestionar cuidados de enfermer\u00eda en el \u00e1mbito comunitario.<\/span>\n\t\t\t\t\t\t\t\t\t<\/li>\n\t\t\t\t\t\t\t\t<li class=\"elementor-icon-list-item\">\n\t\t\t\t\t\t\t\t\t\t\t<span class=\"elementor-icon-list-icon\">\n\t\t\t\t\t\t\t<i aria-hidden=\"true\" class=\"fas fa-angle-right\"><\/i>\t\t\t\t\t\t<\/span>\n\t\t\t\t\t\t\t\t\t\t<span class=\"elementor-icon-list-text\">Brindar y gestionar cuidados de enfermer\u00eda en el \u00e1mbito hospitalario hasta el nivel de cuidados intermedios.<\/span>\n\t\t\t\t\t\t\t\t\t<\/li>\n\t\t\t\t\t\t\t\t<li class=\"elementor-icon-list-item\">\n\t\t\t\t\t\t\t\t\t\t\t<span class=\"elementor-icon-list-icon\">\n\t\t\t\t\t\t\t<i aria-hidden=\"true\" class=\"fas fa-angle-right\"><\/i>\t\t\t\t\t\t<\/span>\n\t\t\t\t\t\t\t\t\t\t<span class=\"elementor-icon-list-text\">Aplicar metodolog\u00edas de atenci\u00f3n de enfermer\u00eda para el cuidado de la persona, familia y grupo.<\/span>\n\t\t\t\t\t\t\t\t\t<\/li>\n\t\t\t\t\t\t\t\t<li class=\"elementor-icon-list-item\">\n\t\t\t\t\t\t\t\t\t\t\t<span class=\"elementor-icon-list-icon\">\n\t\t\t\t\t\t\t<i aria-hidden=\"true\" class=\"fas fa-angle-right\"><\/i>\t\t\t\t\t\t<\/span>\n\t\t\t\t\t\t\t\t\t\t<span class=\"elementor-icon-list-text\">Gestionar cuidados en el \u00e1mbito hospitalario.<\/span>\n\t\t\t\t\t\t\t\t\t<\/li>\n\t\t\t\t\t\t\t\t<li class=\"elementor-icon-list-item\">\n\t\t\t\t\t\t\t\t\t\t\t<span class=\"elementor-icon-list-icon\">\n\t\t\t\t\t\t\t<i aria-hidden=\"true\" class=\"fas fa-angle-right\"><\/i>\t\t\t\t\t\t<\/span>\n\t\t\t\t\t\t\t\t\t\t<span class=\"elementor-icon-list-text\">Desarrollar acciones educativas para la persona, familia y grupo.<\/span>\n\t\t\t\t\t\t\t\t\t<\/li>\n\t\t\t\t\t\t\t\t<li class=\"elementor-icon-list-item\">\n\t\t\t\t\t\t\t\t\t\t\t<span class=\"elementor-icon-list-icon\">\n\t\t\t\t\t\t\t<i aria-hidden=\"true\" class=\"fas fa-angle-right\"><\/i>\t\t\t\t\t\t<\/span>\n\t\t\t\t\t\t\t\t\t\t<span class=\"elementor-icon-list-text\">Gestionar su \u00e1mbito de trabajo ya sea en relaci\u00f3n de dependencia o en forma libre.<\/span>\n\t\t\t\t\t\t\t\t\t<\/li>\n\t\t\t\t\t\t\t\t<li class=\"elementor-icon-list-item\">\n\t\t\t\t\t\t\t\t\t\t\t<span class=\"elementor-icon-list-icon\">\n\t\t\t\t\t\t\t<i aria-hidden=\"true\" class=\"fas fa-angle-right\"><\/i>\t\t\t\t\t\t<\/span>\n\t\t\t\t\t\t\t\t\t\t<span class=\"elementor-icon-list-text\">Construir canales adecuados de comunicaci\u00f3n y circulaci\u00f3n de la informaci\u00f3n en el marco del equipo de salud y de la comunidad.<\/span>\n\t\t\t\t\t\t\t\t\t<\/li>\n\t\t\t\t\t\t\t\t<li class=\"elementor-icon-list-item\">\n\t\t\t\t\t\t\t\t\t\t\t<span class=\"elementor-icon-list-icon\">\n\t\t\t\t\t\t\t<i aria-hidden=\"true\" class=\"fas fa-angle-right\"><\/i>\t\t\t\t\t\t<\/span>\n\t\t\t\t\t\t\t\t\t\t<span class=\"elementor-icon-list-text\">Colaborar en la gesti\u00f3n y administraci\u00f3n de la unidad de enfermer\u00eda hospitalaria y\/o comunitaria.<\/span>\n\t\t\t\t\t\t\t\t\t<\/li>\n\t\t\t\t\t\t\t\t<li class=\"elementor-icon-list-item\">\n\t\t\t\t\t\t\t\t\t\t\t<span class=\"elementor-icon-list-icon\">\n\t\t\t\t\t\t\t<i aria-hidden=\"true\" class=\"fas fa-angle-right\"><\/i>\t\t\t\t\t\t<\/span>\n\t\t\t\t\t\t\t\t\t\t<span class=\"elementor-icon-list-text\">Garantizar la calidad de la atenci\u00f3n de enfermer\u00eda.<\/span>\n\t\t\t\t\t\t\t\t\t<\/li>\n\t\t\t\t\t\t\t\t<li class=\"elementor-icon-list-item\">\n\t\t\t\t\t\t\t\t\t\t\t<span class=\"elementor-icon-list-icon\">\n\t\t\t\t\t\t\t<i aria-hidden=\"true\" class=\"fas fa-angle-right\"><\/i>\t\t\t\t\t\t<\/span>\n\t\t\t\t\t\t\t\t\t\t<span class=\"elementor-icon-list-text\">Participar en estudios de investigaci\u00f3n-acci\u00f3n.<\/span>\n\t\t\t\t\t\t\t\t\t<\/li>\n\t\t\t\t\t\t<\/ul>\n\t\t\t\t\t\t<\/div>\n\t\t\t\t<\/div>\n\t\t\t\t\t<\/div>\n\t\t<\/div>\n\t\t\t\t\t<\/div>\n\t\t<\/section>\n\t\t\t\t<section class=\"elementor-section elementor-top-section elementor-element elementor-element-485b478 elementor-section-boxed elementor-section-height-default elementor-section-height-default wpr-particle-no wpr-jarallax-no wpr-parallax-no wpr-sticky-section-no\" data-id=\"485b478\" data-element_type=\"section\">\n\t\t\t\t\t\t<div class=\"elementor-container elementor-column-gap-default\">\n\t\t\t\t\t<div class=\"elementor-column elementor-col-100 elementor-top-column elementor-element elementor-element-f21012b\" data-id=\"f21012b\" data-element_type=\"column\">\n\t\t\t<div class=\"elementor-widget-wrap elementor-element-populated\">\n\t\t\t\t\t\t<div class=\"elementor-element elementor-element-722a3ab elementor-widget elementor-widget-html\" data-id=\"722a3ab\" data-element_type=\"widget\" data-widget_type=\"html.default\">\n\t\t\t\t<div class=\"elementor-widget-container\">\n\t\t\t\t\t\r\n  <style>\r\n  \/* Contenedor general *\/\r\n    .center-container {\r\n      display: flex;\r\n      justify-content: center;\r\n      align-items: center;\r\n      height: 10vh; \/* Ajusta seg\u00fan el tama\u00f1o de tu secci\u00f3n *\/\r\n      width: 100%;\r\n       \/* Fondo opcional *\/\r\n    }\r\n\r\n    .switch-button {\r\n      position: relative;\r\n      display: inline-flex;\r\n      align-items: center;\r\n      font-family: Arial, sans-serif;\r\n      font-size: 18px;\r\n      cursor: pointer;\r\n      text-align: center;\r\n    }\r\n\r\n    .switch-button .option {\r\n      padding: 0 10px;\r\n      color: black;\r\n      transition: color 0.3s ease;\r\n    }\r\n\r\n    .switch-button .divider {\r\n      padding: 0 5px;\r\n      color: black;\r\n    }\r\n\r\n    .switch-button .option.active {\r\n      font-weight: bold;\r\n    }\r\n\r\n    \/* Ocultar contenido por defecto *\/\r\n    .hidden {\r\n      display: none;\r\n    }\r\n\r\n    \/* Estilo de la secci\u00f3n activa *\/\r\n    .visible {\r\n      display: block;\r\n    }\r\n\r\n    \/* Secci\u00f3n: Plan de Estudios *\/\r\n    .study-plan {\r\n      display: flex;\r\n      justify-content: space-around;\r\n      margin-top: 20px;\r\n      gap: 20px;\r\n    }\r\n\r\n    .study-plan .year {\r\n      text-align: left;\r\n      flex: 1;\r\n    }\r\n\r\n    .study-plan ul {\r\n      list-style: none;\r\n      padding: 0;\r\n    }\r\n\r\n    .study-plan ul li {\r\n      position: relative;\r\n      padding-left: 20px;\r\n      margin-bottom: 10px;\r\n      font-size: 16px;\r\n    }\r\n\r\n    .study-plan ul li::before {\r\n      content: \"\";\r\n      position: absolute;\r\n      left: 0;\r\n      top: 50%;\r\n      transform: translateY(-50%);\r\n      width: 6px;\r\n      height: 2px;\r\n      background-color: #f3545d;\r\n    }\r\n\r\n    \/* Tabla: Correlatividades *\/\r\n   .correlatividades-container {\r\n  display: flex;\r\n  justify-content: center; \/* Centra horizontalmente *\/\r\n  align-items: center; \/* Centra verticalmente *\/\r\n  height: 100%; \/* Ajusta seg\u00fan el tama\u00f1o que necesites *\/\r\n}\r\n\r\n.correlatividades-container table {\r\n  margin: auto; \/* Asegura que la tabla est\u00e9 centrada *\/\r\n  text-align: center; \/* Opcional: centra el texto dentro de las celdas *\/\r\n}\r\n\r\n    .correlatividades-container thead {\r\n      background-color: #f9f9f9;\r\n    }\r\n.correlatividades-container table th,\r\n.correlatividades-container table td {\r\n  vertical-align: middle; \/* Centra el texto verticalmente *\/\r\n  text-align: center; \/* Centra el texto horizontalmente *\/\r\n}\r\n    .correlatividades-container thead th {\r\n      padding: 10px;\r\n      font-weight: bold;\r\n      text-align: left;\r\n      border-bottom: 2px solid #f3545d;\r\n    }\r\n\r\n    .correlatividades-container tbody td {\r\n      padding: 10px;\r\n      border-bottom: 1px solid #ddd;\r\n    }\r\n\r\n    .correlatividades-container tbody tr:hover {\r\n      background-color: #f5f5f5;\r\n    }\r\n\r\n    \/* Responsiveness *\/\r\n    @media (max-width: 768px) {\r\n      .study-plan {\r\n        flex-direction: column;\r\n        align-items: center;\r\n      }\r\n\r\n      .study-plan .year {\r\n        width: 100%;\r\n        text-align: center;\r\n      }\r\n\r\n      .study-plan ul li {\r\n        font-size: 14px;\r\n      }\r\n\r\n      .switch-button {\r\n        font-size: 16px;\r\n        flex-wrap: wrap;\r\n        justify-content: center;\r\n      }\r\n\r\n      .correlatividades-container table {\r\n        font-size: 14px;\r\n      }\r\n    }\r\n\r\n    @media (max-width: 480px) {\r\n      .study-plan ul li {\r\n        font-size: 12px;\r\n      }\r\n\r\n      .switch-button {\r\n        font-size: 14px;\r\n      }\r\n\r\n      .correlatividades-container table {\r\n        font-size: 12px;\r\n      }\r\n    }\r\n.table-responsive {\r\n  display: block; \/* Asegura que sea un contenedor bloque *\/\r\n  width: 100%; \/* Ocupa todo el ancho del contenedor padre *\/\r\n  overflow-x: auto !important; \/* Fuerza el desplazamiento horizontal *\/\r\n  -webkit-overflow-scrolling: touch; \/* Desplazamiento suave en dispositivos m\u00f3viles *\/\r\n}\r\n\r\n.table-responsive table {\r\n  width: 100%; \/* Permite que la tabla utilice todo el ancho disponible *\/\r\n  min-width: 900px; \/* Establece un ancho m\u00ednimo para evitar colapsos *\/\r\n  border-collapse: collapse;\r\n}\r\n  <\/style>\r\n\r\n  <div class=\"center-container\">\r\n    <div class=\"switch-button\">\r\n      <span class=\"option active\" data-target=\"plan-estudios\">Plan de Estudios<\/span>\r\n      <span class=\"divider\">\/<\/span>\r\n      <span class=\"option\" data-target=\"correlatividades\">Correlatividades<\/span>\r\n    <\/div>\r\n  <\/div>\r\n\r\n  <!-- Secci\u00f3n: Plan de Estudios -->\r\n  <div id=\"plan-estudios\" class=\"visible\">\r\n    <h2>Plan de Estudios<\/h2>\r\n    <div class=\"study-plan\">\r\n      <div class=\"year\">\r\n        <h3>1\u00b0 A\u00f1o<\/h3>\r\n        <ul>\r\n          <li>EDI I<\/li>\r\n          <li>Comunicaci\u00f3n en Salud<\/li>\r\n          <li>Lengua Extranjera: Portugu\u00e9s<\/li>\r\n          <li>Anatom\u00eda y Fisiolog\u00eda<\/li>\r\n          <li>Salud P\u00fablica<\/li>\r\n          <li>Fisicoqu\u00edmica<\/li>\r\n          <li>Ciencias Psicosociales<\/li>\r\n          <li>Nutrici\u00f3n<\/li>\r\n          <li>Fundamentos de la Enfermer\u00eda<\/li>\r\n          <li>Pr\u00e1ctica Profesionalizante I<\/li>\r\n          <li>Tecnolog\u00eda de la Informaci\u00f3n y la Comunicaci\u00f3n<\/li>\r\n        <\/ul>\r\n      <\/div>\r\n      <!-- 2\u00b0 A\u00f1o -->\r\n      <div class=\"year\">\r\n        <h3>2\u00b0 A\u00f1o<\/h3>\r\n        <ul>\r\n          <li>Lengua Extranjera: Ingl\u00e9s<\/li>\r\n          <li>EDI II<\/li>\r\n          <li>Microbiolog\u00eda y Parasitolog\u00eda<\/li>\r\n          <li>Cuidados de Enfermer\u00eda a la Familia, al Ni\u00f1o y Adolescente<\/li>\r\n          <li>Cuidados de Enfermer\u00eda Comunitaria<\/li>\r\n          <li>Farmacolog\u00eda<\/li>\r\n          <li>Pr\u00e1ctica Profesionalizante II<\/li>\r\n        <\/ul>\r\n      <\/div>\r\n     <!-- 3\u00b0 A\u00f1o -->\r\n      <div class=\"year\">\r\n        <h3>3\u00b0 A\u00f1o<\/h3>\r\n        <ul>\r\n          <li>\u00c9tica y Deontolog\u00eda<\/li>\r\n          <li>EDI III<\/li>\r\n          <li>Principios de la Administraci\u00f3n en Enfermer\u00eda<\/li>\r\n          <li>Metodolog\u00eda de la Investigaci\u00f3n<\/li>\r\n          <li>Lengua Extranjera: Ingl\u00e9s T\u00e9cnico<\/li>\r\n          <li>Cuidados en Enfermer\u00eda a los Adultos y Ancianos<\/li>\r\n          <li>Cuidados de Enfermer\u00eda en Salud Mental<\/li>\r\n          <li>Pr\u00e1ctica Profesionalizante III<\/li>\r\n          <li>Residencia<\/li>\r\n        <\/ul>\r\n      <\/div>\r\n    <\/div>\r\n  <\/div>\r\n\r\n  <!-- Secci\u00f3n: Correlatividades -->\r\n  <div id=\"correlatividades\" class=\"hidden\">\r\n    <h2>Correlatividades<\/h2>\r\n    <div class=\"correlatividades-container table-responsive\">\r\n       <h3>1\u00b0 A\u00f1o<\/h3>\r\n      <table>\r\n      <thead>\r\n  <tr>\r\n\r\n    <th rowspan=\"2\">Unidad Curricular<\/th>\r\n    <th rowspan=\"2\">Formato<\/th>\r\n    <th rowspan=\"2\">R\u00e9gimen de Cursado<\/th>\r\n    <th rowspan=\"2\">Modalidad de Acreditaci\u00f3n<\/th>\r\n    <th colspan=\"2\">Para cursar deber\u00e1...<\/th>\r\n    <th colspan=\"2\">Para rendir deber\u00e1...<\/th>\r\n  <\/tr>\r\n  <tr>\r\n    <th>Haber Regularizado<\/th>\r\n    <th>Haber Aprobado<\/th>\r\n    <th>Haber Regularizado<\/th>\r\n    <th>Haber Aprobado<\/th>\r\n  <\/tr>\r\n<\/thead>\r\n        <tbody>\r\n         <tr>\r\n          <td>EDI I<\/td>\r\n          <td>Asignatura<\/td>\r\n          <td>Anual<\/td>\r\n          <td>Promoci\u00f3n<\/td>\r\n          <td>-<\/td>\r\n          <td>-<\/td>\r\n          <td>-<\/td>\r\n           <td>-<\/td>\r\n          \r\n        <\/tr>\r\n          <tr>\r\n          <td>Comunicaci\u00f3n en Salud<\/td>\r\n          <td>Asignatura<\/td>\r\n          <td>Anual<\/td>\r\n          <td>Promoci\u00f3n<\/td>\r\n          <td>-<\/td>\r\n          <td>-<\/td>\r\n          <td>-<\/td>\r\n           <td>-<\/td>\r\n          \r\n        <\/tr>\r\n        <\/tr>\r\n          <tr>\r\n          <td>Lengua Extranjera (Portugu\u00e9s)<\/td>\r\n          <td>Asignatura<\/td>\r\n          <td>Anual<\/td>\r\n          <td>Promoci\u00f3n<\/td>\r\n          <td>-<\/td>\r\n          <td>-<\/td>\r\n          <td>-<\/td>\r\n           <td>-<\/td>\r\n       \r\n        <\/tr>\r\n          <tr>\r\n          <td>Anatom\u00eda y Fisiolog\u00eda<\/td>\r\n          <td>Asignatura<\/td>\r\n          <td>Anual<\/td>\r\n          <td>Promoci\u00f3n<\/td>\r\n          <td>-<\/td>\r\n          <td>-<\/td>\r\n          <td>-<\/td>\r\n           <td>-<\/td>\r\n       \r\n        <\/tr>\r\n        \r\n        <\/tr>\r\n          <tr>\r\n          <td>Salud P\u00fablica<\/td>\r\n          <td>Asignatura<\/td>\r\n          <td>Anual<\/td>\r\n          <td>Promoci\u00f3n<\/td>\r\n          <td>-<\/td>\r\n          <td>-<\/td>\r\n          <td>-<\/td>\r\n           <td>-<\/td>\r\n       \r\n        <\/tr>\r\n        <\/tr>\r\n          <tr>\r\n          <td>F\u00edsico-Qu\u00edmica<\/td>\r\n          <td>Asignatura<\/td>\r\n          <td>Anual<\/td>\r\n          <td>Promoci\u00f3n<\/td>\r\n          <td>-<\/td>\r\n          <td>-<\/td>\r\n          <td>-<\/td>\r\n           <td>-<\/td>\r\n       \r\n        <\/tr>\r\n        <tr>\r\n          <td>Ciencias Psicosociales<\/td>\r\n          <td>Asignatura<\/td>\r\n          <td>Anual<\/td>\r\n          <td>Promoci\u00f3n<\/td>\r\n          <td>-<\/td>\r\n          <td>-<\/td>\r\n          <td>-<\/td>\r\n           <td>-<\/td>\r\n       \r\n        <\/tr>\r\n         <tr>\r\n          <td>Nutrici\u00f3n<\/td>\r\n          <td>Asignatura<\/td>\r\n          <td>Cuatrimestral<\/td>\r\n          <td>Promoci\u00f3n<\/td>\r\n          <td>-<\/td>\r\n          <td>-<\/td>\r\n          <td>-<\/td>\r\n           <td>-<\/td>\r\n       \r\n        <\/tr>\r\n       \r\n         <tr>\r\n          <td>Fundamentos de la Enfermer\u00eda<\/td>\r\n          <td>Asignatura<\/td>\r\n          <td>Anual<\/td>\r\n          <td>Examen Final<\/td>\r\n          <td>-<\/td>\r\n          <td>-<\/td>\r\n          <td>-<\/td>\r\n           <td>-<\/td>\r\n       \r\n        <\/tr>\r\n        <tr>\r\n          <td>Pr\u00e1ctica Profesionalizante I<\/td>\r\n          <td>Asignatura<\/td>\r\n          <td>Anual<\/td>\r\n          <td>Examen Final<\/td>\r\n          <td>-<\/td>\r\n          <td>-<\/td>\r\n          <td>Fundamentos de la Enfermer\u00eda<\/td>\r\n           <td>-<\/td>\r\n       \r\n        <\/tr>\r\n         <tr>\r\n          <td>Tecnolog\u00eda de la Informaci\u00f3n y la Comunicaci\u00f3n<\/td>\r\n          <td>Asignatura<\/td>\r\n          <td>Anual<\/td>\r\n          <td>Promoci\u00f3n<\/td>\r\n          <td>-<\/td>\r\n          <td>-<\/td>\r\n          <td>-<\/td>\r\n           <td>-<\/td>\r\n       \r\n        <\/tr>\r\n          <!-- Agrega m\u00e1s filas aqu\u00ed -->\r\n        <\/tbody>\r\n      <\/table>\r\n    <\/div>\r\n     <!-- Tabla del 2do A\u00f1o -->\r\n  <div class=\"correlatividades-container table-responsive\">\r\n    <h3>2\u00b0 A\u00f1o<\/h3>\r\n     <table>\r\n      <thead>\r\n  <tr>\r\n\r\n    <th rowspan=\"2\">Unidad Curricular<\/th>\r\n    <th rowspan=\"2\">Formato<\/th>\r\n    <th rowspan=\"2\">R\u00e9gimen de Cursado<\/th>\r\n    <th rowspan=\"2\">Modalidad de Acreditaci\u00f3n<\/th>\r\n    <th colspan=\"2\">Para cursar deber\u00e1...<\/th>\r\n    <th colspan=\"2\">Para rendir deber\u00e1...<\/th>\r\n  <\/tr>\r\n  <tr>\r\n    <th>Haber Regularizado<\/th>\r\n    <th>Haber Aprobado<\/th>\r\n    <th>Haber Regularizado<\/th>\r\n    <th>Haber Aprobado<\/th>\r\n  <\/tr>\r\n<\/thead>\r\n        <tbody>\r\n         <tr>\r\n          <td>Lengua Extranjera (Ingl\u00e9s)<\/td>\r\n          <td>Asignatura<\/td>\r\n          <td>Anual<\/td>\r\n          <td>Promoci\u00f3n<\/td>\r\n          <td>-<\/td>\r\n          <td>-<\/td>\r\n          <td>-<\/td>\r\n           <td>-<\/td>\r\n          \r\n        <\/tr>\r\n          <tr>\r\n          <td>EDI II<\/td>\r\n          <td>Asignatura<\/td>\r\n          <td>Anual<\/td>\r\n          <td>Promoci\u00f3n<\/td>\r\n          <td>-<\/td>\r\n          <td>-<\/td>\r\n          <td>-<\/td>\r\n           <td>-<\/td>\r\n          \r\n        <\/tr>\r\n        <\/tr>\r\n          <tr>\r\n          <td>Microbiolog\u00eda y Parasitolog\u00eda<\/td>\r\n          <td>Asignatura<\/td>\r\n          <td>Anual<\/td>\r\n          <td>Promoci\u00f3n<\/td>\r\n          <td>-<\/td>\r\n          <td>-<\/td>\r\n          <td>F\u00edsico-Qu\u00edmica<\/td>\r\n           <td>-<\/td>\r\n       \r\n        <\/tr>\r\n          <tr>\r\n          <td>Cuidados de Enfermer\u00eda a la Familia, al Ni\u00f1o y al Adolescente<\/td>\r\n          <td>Asignatura<\/td>\r\n          <td>Anual<\/td>\r\n          <td>Examen Final<\/td>\r\n          <td>Pr\u00e1ctica Profesionalizante I.<br> Fundamentos de la Enfermer\u00eda.<\/td>\r\n          <td>-<\/td>\r\n          <td>Salud P\u00fablica<\/td>\r\n           <td>Fundamentos de la Enfermer\u00eda. <br>Salud P\u00fablica. <br>Comunicaci\u00f3n En Salud.<\/td>\r\n       \r\n        <\/tr>\r\n        \r\n        <\/tr>\r\n          <tr>\r\n          <td>Cuidados de Enfermer\u00eda Comunitaria<\/td>\r\n          <td>Asignatura<\/td>\r\n          <td>Anual<\/td>\r\n          <td>Examen Final<\/td>\r\n          <td>Salud P\u00fablica. <br>Fundamentos de la Enfermer\u00eda.<\/td>\r\n          <td>-<\/td>\r\n          <td>Ciencias Psicosociales.<\/td>\r\n           <td>Comunicaci\u00f3n en Salud. <br> Salud P\u00fablica. <br> Nutrici\u00f3n.<\/td>\r\n       \r\n        <\/tr>\r\n        <\/tr>\r\n          <tr>\r\n          <td>Farmacolog\u00eda<\/td>\r\n          <td>Asignatura<\/td>\r\n          <td>Anual<\/td>\r\n          <td>Promoci\u00f3n<\/td>\r\n          <td>-<\/td>\r\n          <td>-<\/td>\r\n          <td>-<\/td>\r\n           <td>F\u00edsico-Qu\u00edmica. <br> Anatom\u00eda y Fisiolog\u00eda.<\/td>\r\n       \r\n        <\/tr>\r\n        <tr>\r\n          <td>Pr\u00e1ctica Profesionalizante II<\/td>\r\n          <td>Asignatura<\/td>\r\n          <td>Anual<\/td>\r\n          <td>Examen Final<\/td>\r\n          <td>Pr\u00e1ctica Profesionalizante I. <br> Fundamentos de la Enfermer\u00eda. <br> Anatom\u00eda y Fisiolog\u00eda.<\/td>\r\n          <td>-<\/td>\r\n          <td>Cuidados de Enfermer\u00eda en la Comunidad <br> Comunicaci\u00f3n en Salud<\/td>\r\n           <td>Fundamentos de la Enfermer\u00eda. <br> Anatom\u00eda y Fisiolog\u00eda. <br> Pr\u00e1ctica Profesionalizante I.<\/td>\r\n       \r\n        <\/tr>\r\n        \r\n          <!-- Agrega m\u00e1s filas aqu\u00ed -->\r\n        <\/tbody>\r\n      <\/table>\r\n  <\/div>\r\n  <!-- Tabla del 3er A\u00f1o -->\r\n <div class=\"correlatividades-container table-responsive\">\r\n    <h3>3\u00b0 A\u00f1o<\/h3>\r\n     <table>\r\n      <thead>\r\n  <tr>\r\n\r\n    <th rowspan=\"2\">Unidad Curricular<\/th>\r\n    <th rowspan=\"2\">Formato<\/th>\r\n    <th rowspan=\"2\">R\u00e9gimen de Cursado<\/th>\r\n    <th rowspan=\"2\">Modalidad de Acreditaci\u00f3n<\/th>\r\n    <th colspan=\"2\">Para cursar deber\u00e1...<\/th>\r\n    <th colspan=\"2\">Para rendir deber\u00e1...<\/th>\r\n  <\/tr>\r\n  <tr>\r\n    <th>Haber Regularizado<\/th>\r\n    <th>Haber Aprobado<\/th>\r\n    <th>Haber Regularizado<\/th>\r\n    <th>Haber Aprobado<\/th>\r\n  <\/tr>\r\n<\/thead>\r\n        <tbody>\r\n         <tr>\r\n          <td>\u00c9tica y Deontolog\u00eda<\/td>\r\n          <td>Asignatura<\/td>\r\n          <td>Cuatrimestral<\/td>\r\n          <td>Promoci\u00f3n<\/td>\r\n          <td>-<\/td>\r\n          <td>-<\/td>\r\n          <td>-<\/td>\r\n           <td>-<\/td>\r\n          \r\n        <\/tr>\r\n          <tr>\r\n          <td>EDI III<\/td>\r\n          <td>Asignatura<\/td>\r\n          <td>Anual<\/td>\r\n          <td>Promoci\u00f3n<\/td>\r\n          <td>-<\/td>\r\n          <td>-<\/td>\r\n          <td>-<\/td>\r\n           <td>-<\/td>\r\n          \r\n        <\/tr>\r\n        <\/tr>\r\n          <tr>\r\n          <td>Principios de la Administraci\u00f3n en Enfermer\u00eda<\/td>\r\n          <td>Asignatura<\/td>\r\n          <td>Anual<\/td>\r\n          <td>Promoci\u00f3n<\/td>\r\n          <td>Salud P\u00fablica<\/td>\r\n          <td>Tecnolog\u00eda de la Informaci\u00f3n y la Comunicaci\u00f3n<\/td>\r\n          <td>-<\/td>\r\n           <td>Salud P\u00fablica. <br>Comunicaci\u00f3n en Salud <br>Ciencias Psicosociales <\/td>\r\n       \r\n        <\/tr>\r\n          <tr>\r\n          <td>Metodolog\u00eda de la Investigaci\u00f3n<\/td>\r\n          <td>Asignatura<\/td>\r\n          <td>Anual<\/td>\r\n          <td>Promoci\u00f3n<\/td>\r\n          <td>-<\/td>\r\n          <td>Comunicaci\u00f3n en Salud<\/td>\r\n          <td>-<\/td>\r\n           <td>-<\/td>\r\n       \r\n        <\/tr>\r\n        \r\n        <\/tr>\r\n          <tr>\r\n          <td>Lengua Extranjera (Ingl\u00e9s T\u00e9cnico)<\/td>\r\n          <td>Asignatura<\/td>\r\n          <td>Anual<\/td>\r\n          <td>Promoci\u00f3n<\/td>\r\n          <td>Lengua Extranjera (Ingl\u00e9s)<\/td>\r\n          <td>-<\/td>\r\n          <td>Lengua Extranjera (Portugu\u00e9s)<\/td>\r\n           <td>-<\/td>\r\n       \r\n        \r\n        <\/tr>\r\n          <tr>\r\n          <td>Cuidados de Enfermer\u00eda a los Adultos y Ancianos<\/td>\r\n          <td>Asignatura<\/td>\r\n          <td>Anual<\/td>\r\n          <td>Promoci\u00f3n<\/td>\r\n          <td>Microbiolog\u00eda y Parasitolog\u00eda.<br>Farmacolog\u00eda.<br>Cuidados de Enfermer\u00eda en la Comunidad.<br>Pr\u00e1ctica Profesionalizante II.<\/td>\r\n          <td>Fundamentos de la Enfermer\u00eda.<br>Anatom\u00eda.<\/td>\r\n          <td>Pr\u00e1ctica Profesionalizante II.<\/td>\r\n           <td>Fundamentos de la Enfermer\u00eda. <br>Farmacolog\u00eda<br>Pr\u00e1ctica Profesionalizante I.<\/td>\r\n       \r\n        <\/tr>\r\n        <tr>\r\n          <td>Cuidados de Enfermer\u00eda en Salud Mental<\/td>\r\n          <td>Asignatura<\/td>\r\n          <td>Anual<\/td>\r\n          <td>Examen Final<\/td>\r\n          <td>Cuidados de Enfermer\u00eda en la Comunidad.<br>Ciencias Psicosociales.<br>Comunicaci\u00f3n en Salud.<br>Pr\u00e1ctica Profesionalizante II.<\/td>\r\n          <td>Comunicaci\u00f3n en Salud.<\/td>\r\n          <td>-<\/td>\r\n           <td>Fundamentos de la Enfermer\u00eda.<br>Comunicaci\u00f3n en Salud<br>Ciencias Psicosociales.<br>Cuidados de Enfermer\u00eda en la Comunidad.<\/td>\r\n       \r\n        <\/tr>\r\n        \r\n          <!-- Agrega m\u00e1s filas aqu\u00ed -->\r\n        <\/tbody>\r\n      <\/table>\r\n  <\/div>\r\n  <\/div>\r\n\r\n  <script>\r\n    document.addEventListener(\"DOMContentLoaded\", function () {\r\n      const buttons = document.querySelectorAll(\".switch-button .option\");\r\n      const planEstudios = document.getElementById(\"plan-estudios\");\r\n      const correlatividades = document.getElementById(\"correlatividades\");\r\n\r\n      buttons.forEach((button) => {\r\n        button.addEventListener(\"click\", () => {\r\n          \/\/ Cambiar clase activa\r\n          document.querySelector(\".switch-button .active\").classList.remove(\"active\");\r\n          button.classList.add(\"active\");\r\n\r\n          \/\/ Mostrar\/Ocultar secciones\r\n          if (button.dataset.target === \"plan-estudios\") {\r\n            planEstudios.classList.remove(\"hidden\");\r\n            planEstudios.classList.add(\"visible\");\r\n            correlatividades.classList.remove(\"visible\");\r\n            correlatividades.classList.add(\"hidden\");\r\n          } else if (button.dataset.target === \"correlatividades\") {\r\n            correlatividades.classList.remove(\"hidden\");\r\n            correlatividades.classList.add(\"visible\");\r\n            planEstudios.classList.remove(\"visible\");\r\n            planEstudios.classList.add(\"hidden\");\r\n          }\r\n        });\r\n      });\r\n    });\r\n  <\/script>\r\n\r\n\t\t\t\t<\/div>\n\t\t\t\t<\/div>\n\t\t\t\t\t<\/div>\n\t\t<\/div>\n\t\t\t\t\t<\/div>\n\t\t<\/section>\n\t\t\t\t<section class=\"elementor-section elementor-top-section elementor-element elementor-element-8777026 elementor-section-boxed elementor-section-height-default elementor-section-height-default wpr-particle-no wpr-jarallax-no wpr-parallax-no wpr-sticky-section-no\" data-id=\"8777026\" data-element_type=\"section\">\n\t\t\t\t\t\t<div class=\"elementor-container elementor-column-gap-default\">\n\t\t\t\t\t<div class=\"elementor-column elementor-col-100 elementor-top-column elementor-element elementor-element-0adcc03\" data-id=\"0adcc03\" data-element_type=\"column\">\n\t\t\t<div class=\"elementor-widget-wrap elementor-element-populated\">\n\t\t\t\t\t\t<div class=\"elementor-element elementor-element-7e8e11e elementor-align-left elementor-invisible elementor-widget elementor-widget-button\" data-id=\"7e8e11e\" data-element_type=\"widget\" data-settings=\"{&quot;_animation&quot;:&quot;fadeIn&quot;,&quot;_animation_delay&quot;:3000}\" data-widget_type=\"button.default\">\n\t\t\t\t<div class=\"elementor-widget-container\">\n\t\t\t\t\t\t\t\t\t<div class=\"elementor-button-wrapper\">\n\t\t\t\t\t<a class=\"elementor-button elementor-button-link elementor-size-sm\" href=\"https:\/\/politecnicomisiones.edu.ar\">\n\t\t\t\t\t\t<span class=\"elementor-button-content-wrapper\">\n\t\t\t\t\t\t\t\t\t<span class=\"elementor-button-text\">Volver<\/span>\n\t\t\t\t\t<\/span>\n\t\t\t\t\t<\/a>\n\t\t\t\t<\/div>\n\t\t\t\t\t\t\t\t<\/div>\n\t\t\t\t<\/div>\n\t\t\t\t\t<\/div>\n\t\t<\/div>\n\t\t\t\t\t<\/div>\n\t\t<\/section>\n\t\t\t\t<\/div>\n\t\t","protected":false},"excerpt":{"rendered":"<p>T\u00e9cnico Superior en Enfermer\u00eda Perfil del profesional El Enfermero\/a est\u00e1 capacitado para el ejercicio profesional en relaci\u00f3n de dependencia y en forma libre, desarrollando, brindando y gestionando los cuidados de enfermer\u00eda aut\u00f3nomos e interdependientes para la promoci\u00f3n, prevenci\u00f3n, recuperaci\u00f3n y rehabilitaci\u00f3n de la persona, la familia, grupo y comunidad hasta el nivel de cuidados intermedios, en los \u00e1mbitos comunitario y hospitalario; gestionando su \u00e1mbito de trabajo y participando en estudios de investigaci\u00f3n- acci\u00f3n. Asume la responsabilidad integral del proceso en el que interviene e interact\u00faa con otros trabajadores y profesionales manifestando competencias transversales en el marco de un equipo de trabajo en el cual participa para interpretar las definiciones estrat\u00e9gicas surgidas de los estamentos profesionales y jer\u00e1rquicos correspondientes. Asimismo, es responsable y ejerce autonom\u00eda respecto de su propio trabajo. Funciones que ejerce el profesional: Desarrollar y gestionar cuidados de enfermer\u00eda para la promoci\u00f3n, prevenci\u00f3n y recuperaci\u00f3n hasta el nivel de cuidados intermedios con la comunidad. Gestionar cuidados de enfermer\u00eda en el \u00e1mbito comunitario. Brindar y gestionar cuidados de enfermer\u00eda en el \u00e1mbito hospitalario hasta el nivel de cuidados intermedios. Aplicar metodolog\u00edas de atenci\u00f3n de enfermer\u00eda para el cuidado de la persona, familia y grupo. Gestionar cuidados en el \u00e1mbito hospitalario. Desarrollar acciones educativas para la persona, familia y grupo. Gestionar su \u00e1mbito de trabajo ya sea en relaci\u00f3n de dependencia o en forma libre. Construir canales adecuados de comunicaci\u00f3n y circulaci\u00f3n de la informaci\u00f3n en el marco del equipo de salud y de la comunidad. Colaborar en la gesti\u00f3n y administraci\u00f3n de la unidad de enfermer\u00eda hospitalaria y\/o comunitaria. Garantizar la calidad de la atenci\u00f3n de enfermer\u00eda. Participar en estudios de investigaci\u00f3n-acci\u00f3n. Plan de Estudios \/ Correlatividades Plan de Estudios 1\u00b0 A\u00f1o EDI I Comunicaci\u00f3n en Salud Lengua Extranjera: Portugu\u00e9s Anatom\u00eda y Fisiolog\u00eda Salud P\u00fablica Fisicoqu\u00edmica Ciencias Psicosociales Nutrici\u00f3n Fundamentos de la Enfermer\u00eda Pr\u00e1ctica Profesionalizante I Tecnolog\u00eda de la Informaci\u00f3n y la Comunicaci\u00f3n 2\u00b0 A\u00f1o Lengua Extranjera: Ingl\u00e9s EDI II Microbiolog\u00eda y Parasitolog\u00eda Cuidados de Enfermer\u00eda a la Familia, al Ni\u00f1o y Adolescente Cuidados de Enfermer\u00eda Comunitaria Farmacolog\u00eda Pr\u00e1ctica Profesionalizante II 3\u00b0 A\u00f1o \u00c9tica y Deontolog\u00eda EDI III Principios de la Administraci\u00f3n en Enfermer\u00eda Metodolog\u00eda de la Investigaci\u00f3n Lengua Extranjera: Ingl\u00e9s T\u00e9cnico Cuidados en Enfermer\u00eda a los Adultos y Ancianos Cuidados de Enfermer\u00eda en Salud Mental Pr\u00e1ctica Profesionalizante III Residencia Correlatividades 1\u00b0 A\u00f1o Unidad Curricular Formato R\u00e9gimen de Cursado Modalidad de Acreditaci\u00f3n Para cursar deber\u00e1&#8230; Para rendir deber\u00e1&#8230; Haber Regularizado Haber Aprobado Haber Regularizado Haber Aprobado EDI I Asignatura Anual Promoci\u00f3n &#8211; &#8211; &#8211; &#8211; Comunicaci\u00f3n en Salud Asignatura Anual Promoci\u00f3n &#8211; &#8211; &#8211; &#8211; Lengua Extranjera (Portugu\u00e9s) Asignatura Anual Promoci\u00f3n &#8211; &#8211; &#8211; &#8211; Anatom\u00eda y Fisiolog\u00eda Asignatura Anual Promoci\u00f3n &#8211; &#8211; &#8211; &#8211; Salud P\u00fablica Asignatura Anual Promoci\u00f3n &#8211; &#8211; &#8211; &#8211; F\u00edsico-Qu\u00edmica Asignatura Anual Promoci\u00f3n &#8211; &#8211; &#8211; &#8211; Ciencias Psicosociales Asignatura Anual Promoci\u00f3n &#8211; &#8211; &#8211; &#8211; Nutrici\u00f3n Asignatura Cuatrimestral Promoci\u00f3n &#8211; &#8211; &#8211; &#8211; Fundamentos de la Enfermer\u00eda Asignatura Anual Examen Final &#8211; &#8211; &#8211; &#8211; Pr\u00e1ctica Profesionalizante I Asignatura Anual Examen Final &#8211; &#8211; Fundamentos de la Enfermer\u00eda &#8211; Tecnolog\u00eda de la Informaci\u00f3n y la Comunicaci\u00f3n Asignatura Anual Promoci\u00f3n &#8211; &#8211; &#8211; &#8211; 2\u00b0 A\u00f1o Unidad Curricular Formato R\u00e9gimen de Cursado Modalidad de Acreditaci\u00f3n Para cursar deber\u00e1&#8230; Para rendir deber\u00e1&#8230; Haber Regularizado Haber Aprobado Haber Regularizado Haber Aprobado Lengua Extranjera (Ingl\u00e9s) Asignatura Anual Promoci\u00f3n &#8211; &#8211; &#8211; &#8211; EDI II Asignatura Anual Promoci\u00f3n &#8211; &#8211; &#8211; &#8211; Microbiolog\u00eda y Parasitolog\u00eda Asignatura Anual Promoci\u00f3n &#8211; &#8211; F\u00edsico-Qu\u00edmica &#8211; Cuidados de Enfermer\u00eda a la Familia, al Ni\u00f1o y al Adolescente Asignatura Anual Examen Final Pr\u00e1ctica Profesionalizante I. Fundamentos de la Enfermer\u00eda. &#8211; Salud P\u00fablica Fundamentos de la Enfermer\u00eda. Salud P\u00fablica. Comunicaci\u00f3n En Salud. Cuidados de Enfermer\u00eda Comunitaria Asignatura Anual Examen Final Salud P\u00fablica. Fundamentos de la Enfermer\u00eda. &#8211; Ciencias Psicosociales. Comunicaci\u00f3n en Salud. Salud P\u00fablica. Nutrici\u00f3n. Farmacolog\u00eda Asignatura Anual Promoci\u00f3n &#8211; &#8211; &#8211; F\u00edsico-Qu\u00edmica. Anatom\u00eda y Fisiolog\u00eda. Pr\u00e1ctica Profesionalizante II Asignatura Anual Examen Final Pr\u00e1ctica Profesionalizante I. Fundamentos de la Enfermer\u00eda. Anatom\u00eda y Fisiolog\u00eda. &#8211; Cuidados de Enfermer\u00eda en la Comunidad Comunicaci\u00f3n en Salud Fundamentos de la Enfermer\u00eda. Anatom\u00eda y Fisiolog\u00eda. Pr\u00e1ctica Profesionalizante I. 3\u00b0 A\u00f1o Unidad Curricular Formato R\u00e9gimen de Cursado Modalidad de Acreditaci\u00f3n Para cursar deber\u00e1&#8230; Para rendir deber\u00e1&#8230; Haber Regularizado Haber Aprobado Haber Regularizado Haber Aprobado \u00c9tica y Deontolog\u00eda Asignatura Cuatrimestral Promoci\u00f3n &#8211; &#8211; &#8211; &#8211; EDI III Asignatura Anual Promoci\u00f3n &#8211; &#8211; &#8211; &#8211; Principios de la Administraci\u00f3n en Enfermer\u00eda Asignatura Anual Promoci\u00f3n Salud P\u00fablica Tecnolog\u00eda de la Informaci\u00f3n y la Comunicaci\u00f3n &#8211; Salud P\u00fablica. Comunicaci\u00f3n en Salud Ciencias Psicosociales Metodolog\u00eda de la Investigaci\u00f3n Asignatura Anual Promoci\u00f3n &#8211; Comunicaci\u00f3n en Salud &#8211; &#8211; Lengua Extranjera (Ingl\u00e9s T\u00e9cnico) Asignatura Anual Promoci\u00f3n Lengua Extranjera (Ingl\u00e9s) &#8211; Lengua Extranjera (Portugu\u00e9s) &#8211; Cuidados de Enfermer\u00eda a los Adultos y Ancianos Asignatura Anual Promoci\u00f3n Microbiolog\u00eda y Parasitolog\u00eda.Farmacolog\u00eda.Cuidados de Enfermer\u00eda en la Comunidad.Pr\u00e1ctica Profesionalizante II. Fundamentos de la Enfermer\u00eda.Anatom\u00eda. Pr\u00e1ctica Profesionalizante II. Fundamentos de la Enfermer\u00eda. Farmacolog\u00edaPr\u00e1ctica Profesionalizante I. Cuidados de Enfermer\u00eda en Salud Mental Asignatura Anual Examen Final Cuidados de Enfermer\u00eda en la Comunidad.Ciencias Psicosociales.Comunicaci\u00f3n en Salud.Pr\u00e1ctica Profesionalizante II. Comunicaci\u00f3n en Salud. &#8211; Fundamentos de la Enfermer\u00eda.Comunicaci\u00f3n en SaludCiencias Psicosociales.Cuidados de Enfermer\u00eda en la Comunidad. Volver<\/p>\n","protected":false},"author":3,"featured_media":0,"parent":0,"menu_order":0,"comment_status":"closed","ping_status":"closed","template":"elementor_header_footer","meta":{"om_disable_all_campaigns":false,"footnotes":""},"aioseo_notices":[],"_links":{"self":[{"href":"https:\/\/politecnicomisiones.edu.ar\/paginainstitucional\/wp-json\/wp\/v2\/pages\/1110"}],"collection":[{"href":"https:\/\/politecnicomisiones.edu.ar\/paginainstitucional\/wp-json\/wp\/v2\/pages"}],"about":[{"href":"https:\/\/politecnicomisiones.edu.ar\/paginainstitucional\/wp-json\/wp\/v2\/types\/page"}],"author":[{"embeddable":true,"href":"https:\/\/politecnicomisiones.edu.ar\/paginainstitucional\/wp-json\/wp\/v2\/users\/3"}],"replies":[{"embeddable":true,"href":"https:\/\/politecnicomisiones.edu.ar\/paginainstitucional\/wp-json\/wp\/v2\/comments?post=1110"}],"version-history":[{"count":66,"href":"https:\/\/politecnicomisiones.edu.ar\/paginainstitucional\/wp-json\/wp\/v2\/pages\/1110\/revisions"}],"predecessor-version":[{"id":1902,"href":"https:\/\/politecnicomisiones.edu.ar\/paginainstitucional\/wp-json\/wp\/v2\/pages\/1110\/revisions\/1902"}],"wp:attachment":[{"href":"https:\/\/politecnicomisiones.edu.ar\/paginainstitucional\/wp-json\/wp\/v2\/media?parent=1110"}],"curies":[{"name":"wp","href":"https:\/\/api.w.org\/{rel}","templated":true}]}}